{"id":13381,"date":"2020-04-30T09:25:49","date_gmt":"2020-04-30T07:25:49","guid":{"rendered":"https:\/\/www.stuwo.at\/appartamenti-vacanza-a-lambach\/"},"modified":"2026-03-17T13:54:06","modified_gmt":"2026-03-17T12:54:06","slug":"appartamenti-vacanza-a-lambach","status":"publish","type":"page","link":"https:\/\/www.stuwo.at\/it\/appartamenti-vacanza\/appartamenti-vacanza-a-lambach\/","title":{"rendered":"Appartamenti vacanza a Lambach"},"content":{"rendered":"<div id='full_slider_1'  class='avia-fullwidth-slider main_color avia-shadow av-desktop-hide av-medium-hide  avia-builder-el-0  el_before_av_layout_row  avia-builder-el-first   container_wrap sidebar_right'  ><div  class='avia-slideshow av-k70kewto-3e7c93c0a74d31a069087d2bd9c90c2b avia-slideshow-extra_large av_slideshow_full avia-slide-slider av-desktop-hide av-medium-hide av-slideshow-ui av-control-default av-slideshow-manual av-loop-once av-loop-manual-endless av-default-height-applied   avia-slideshow-1' data-slideshow-options=\"{&quot;animation&quot;:&quot;slide&quot;,&quot;autoplay&quot;:false,&quot;loop_autoplay&quot;:&quot;once&quot;,&quot;interval&quot;:5,&quot;loop_manual&quot;:&quot;manual-endless&quot;,&quot;autoplay_stopper&quot;:false,&quot;noNavigation&quot;:false,&quot;bg_slider&quot;:false,&quot;keep_padding&quot;:false,&quot;hoverpause&quot;:false,&quot;show_slide_delay&quot;:0}\"  itemprop=\"image\" itemscope=\"itemscope\" itemtype=\"https:\/\/schema.org\/ImageObject\" ><ul class='avia-slideshow-inner ' style='padding-bottom: 66.6428571429%;'><li  class='avia-slideshow-slide av-k70kewto-3e7c93c0a74d31a069087d2bd9c90c2b__0  slide-1 slide-odd'><div data-rel='slideshow-1' class='avia-slide-wrap '   ><img decoding=\"async\" fetchpriority=\"high\" class=\"wp-image-14306 avia-img-lazy-loading-not-14306\"  src=\"https:\/\/www.stuwo.at\/wp-content\/uploads\/2019\/07\/H17_Vorraum_mit_K\u00fcche_3.jpg\" width=\"1400\" height=\"933\" title='STUWO Lambach, Apartmentk\u00fcche' alt='Kleine K\u00fcche mit hellen Holzschr\u00e4nken, gr\u00fcnem R\u00fcckwandbereich, wei\u00dfen Ger\u00e4ten und gedecktem Esstisch mit wei\u00dfem Geschirr'  itemprop=\"thumbnailUrl\" srcset=\"https:\/\/www.stuwo.at\/wp-content\/uploads\/2019\/07\/H17_Vorraum_mit_K\u00fcche_3.jpg 1400w, https:\/\/www.stuwo.at\/wp-content\/uploads\/2019\/07\/H17_Vorraum_mit_K\u00fcche_3-300x200.jpg 300w, https:\/\/www.stuwo.at\/wp-content\/uploads\/2019\/07\/H17_Vorraum_mit_K\u00fcche_3-768x512.jpg 768w, https:\/\/www.stuwo.at\/wp-content\/uploads\/2019\/07\/H17_Vorraum_mit_K\u00fcche_3-1030x686.jpg 1030w, https:\/\/www.stuwo.at\/wp-content\/uploads\/2019\/07\/H17_Vorraum_mit_K\u00fcche_3-705x470.jpg 705w, https:\/\/www.stuwo.at\/wp-content\/uploads\/2019\/07\/H17_Vorraum_mit_K\u00fcche_3-450x300.jpg 450w\" sizes=\"(max-width: 1400px) 100vw, 1400px\" \/><\/div><\/li><li  class='avia-slideshow-slide av-k70kewto-3e7c93c0a74d31a069087d2bd9c90c2b__1  slide-2 slide-even'><div data-rel='slideshow-1' class='avia-slide-wrap '   ><img decoding=\"async\" fetchpriority=\"high\" class=\"wp-image-14296 avia-img-lazy-loading-not-14296\"  src=\"https:\/\/www.stuwo.at\/wp-content\/uploads\/2019\/07\/H17_Au\u00dfenansicht_9-1500x1125.jpg\" width=\"1500\" height=\"1125\" title='STUWO Lambach, Au\u00dfenansicht' alt='Wei\u00dfes mehrst\u00f6ckiges Geb\u00e4ude vor bewaldetem H\u00fcgel und blauem Himmel'  itemprop=\"thumbnailUrl\" srcset=\"https:\/\/www.stuwo.at\/wp-content\/uploads\/2019\/07\/H17_Au\u00dfenansicht_9-1500x1125.jpg 1500w, https:\/\/www.stuwo.at\/wp-content\/uploads\/2019\/07\/H17_Au\u00dfenansicht_9-300x225.jpg 300w, https:\/\/www.stuwo.at\/wp-content\/uploads\/2019\/07\/H17_Au\u00dfenansicht_9-768x576.jpg 768w, https:\/\/www.stuwo.at\/wp-content\/uploads\/2019\/07\/H17_Au\u00dfenansicht_9-1030x772.jpg 1030w, https:\/\/www.stuwo.at\/wp-content\/uploads\/2019\/07\/H17_Au\u00dfenansicht_9-705x529.jpg 705w, https:\/\/www.stuwo.at\/wp-content\/uploads\/2019\/07\/H17_Au\u00dfenansicht_9-450x337.jpg 450w\" sizes=\"(max-width: 1500px) 100vw, 1500px\" \/><\/div><\/li><li  class='avia-slideshow-slide av-k70kewto-3e7c93c0a74d31a069087d2bd9c90c2b__2  slide-3 slide-odd'><div data-rel='slideshow-1' class='avia-slide-wrap '   ><img decoding=\"async\" fetchpriority=\"high\" class=\"wp-image-14642 avia-img-lazy-loading-not-14642\"  src=\"https:\/\/www.stuwo.at\/wp-content\/uploads\/2020\/02\/H117_Appartement_Zimmer-1500x1000.jpg\" width=\"1500\" height=\"1000\" title='Ferienwohnung Lambach - Zimmer' alt=''  itemprop=\"thumbnailUrl\" srcset=\"https:\/\/www.stuwo.at\/wp-content\/uploads\/2020\/02\/H117_Appartement_Zimmer-1500x1000.jpg 1500w, https:\/\/www.stuwo.at\/wp-content\/uploads\/2020\/02\/H117_Appartement_Zimmer-300x200.jpg 300w, https:\/\/www.stuwo.at\/wp-content\/uploads\/2020\/02\/H117_Appartement_Zimmer-768x512.jpg 768w, https:\/\/www.stuwo.at\/wp-content\/uploads\/2020\/02\/H117_Appartement_Zimmer-1030x687.jpg 1030w, https:\/\/www.stuwo.at\/wp-content\/uploads\/2020\/02\/H117_Appartement_Zimmer-705x470.jpg 705w, https:\/\/www.stuwo.at\/wp-content\/uploads\/2020\/02\/H117_Appartement_Zimmer-450x300.jpg 450w\" sizes=\"(max-width: 1500px) 100vw, 1500px\" \/><\/div><\/li><li  class='avia-slideshow-slide av-k70kewto-3e7c93c0a74d31a069087d2bd9c90c2b__3  slide-4 slide-even'><div data-rel='slideshow-1' class='avia-slide-wrap '   ><img decoding=\"async\" fetchpriority=\"high\" class=\"wp-image-14644 avia-img-lazy-loading-not-14644\"  src=\"https:\/\/www.stuwo.at\/wp-content\/uploads\/2020\/02\/H17_Appartment_Zimmer_3-1500x1000.jpg\" width=\"1500\" height=\"1000\" title='Ferienwohnung Lambach - Zimmer' alt='Helles Schlafzimmer mit Doppelbett, Schrank, Schreibtisch und gro\u00dfem Fenster mit gr\u00fcnen Vorh\u00e4ngen'  itemprop=\"thumbnailUrl\" srcset=\"https:\/\/www.stuwo.at\/wp-content\/uploads\/2020\/02\/H17_Appartment_Zimmer_3-1500x1000.jpg 1500w, https:\/\/www.stuwo.at\/wp-content\/uploads\/2020\/02\/H17_Appartment_Zimmer_3-300x200.jpg 300w, https:\/\/www.stuwo.at\/wp-content\/uploads\/2020\/02\/H17_Appartment_Zimmer_3-768x512.jpg 768w, https:\/\/www.stuwo.at\/wp-content\/uploads\/2020\/02\/H17_Appartment_Zimmer_3-1030x687.jpg 1030w, https:\/\/www.stuwo.at\/wp-content\/uploads\/2020\/02\/H17_Appartment_Zimmer_3-705x470.jpg 705w, https:\/\/www.stuwo.at\/wp-content\/uploads\/2020\/02\/H17_Appartment_Zimmer_3-450x300.jpg 450w\" sizes=\"(max-width: 1500px) 100vw, 1500px\" \/><\/div><\/li><li  class='avia-slideshow-slide av-k70kewto-3e7c93c0a74d31a069087d2bd9c90c2b__4  slide-5 slide-odd'><div data-rel='slideshow-1' class='avia-slide-wrap '   ><img decoding=\"async\" fetchpriority=\"high\" class=\"wp-image-14643 avia-img-lazy-loading-not-14643\"  src=\"https:\/\/www.stuwo.at\/wp-content\/uploads\/2020\/02\/H117_Appartement_Zimmer_2-1500x1000.jpg\" width=\"1500\" height=\"1000\" title='Ferienwohnung Lambach - Zimmer' alt=''  itemprop=\"thumbnailUrl\" srcset=\"https:\/\/www.stuwo.at\/wp-content\/uploads\/2020\/02\/H117_Appartement_Zimmer_2-1500x1000.jpg 1500w, https:\/\/www.stuwo.at\/wp-content\/uploads\/2020\/02\/H117_Appartement_Zimmer_2-300x200.jpg 300w, https:\/\/www.stuwo.at\/wp-content\/uploads\/2020\/02\/H117_Appartement_Zimmer_2-768x512.jpg 768w, https:\/\/www.stuwo.at\/wp-content\/uploads\/2020\/02\/H117_Appartement_Zimmer_2-1030x687.jpg 1030w, https:\/\/www.stuwo.at\/wp-content\/uploads\/2020\/02\/H117_Appartement_Zimmer_2-705x470.jpg 705w, https:\/\/www.stuwo.at\/wp-content\/uploads\/2020\/02\/H117_Appartement_Zimmer_2-450x300.jpg 450w\" sizes=\"(max-width: 1500px) 100vw, 1500px\" \/><\/div><\/li><li  class='avia-slideshow-slide av-k70kewto-3e7c93c0a74d31a069087d2bd9c90c2b__5  slide-6 slide-even'><div data-rel='slideshow-1' class='avia-slide-wrap '   ><img decoding=\"async\" fetchpriority=\"high\" class=\"wp-image-14298 avia-img-lazy-loading-not-14298\"  src=\"https:\/\/www.stuwo.at\/wp-content\/uploads\/2019\/07\/H17_Badezimmer_1.jpg\" width=\"1400\" height=\"933\" title='STUWO Lambach, Badezimmer' alt='Kleines Badezimmer mit Duschkabine, Waschbecken mit Unterschrank, wei\u00dfem Hochschrank und Handt\u00fcchern an der Wand'  itemprop=\"thumbnailUrl\" srcset=\"https:\/\/www.stuwo.at\/wp-content\/uploads\/2019\/07\/H17_Badezimmer_1.jpg 1400w, https:\/\/www.stuwo.at\/wp-content\/uploads\/2019\/07\/H17_Badezimmer_1-300x200.jpg 300w, https:\/\/www.stuwo.at\/wp-content\/uploads\/2019\/07\/H17_Badezimmer_1-768x512.jpg 768w, https:\/\/www.stuwo.at\/wp-content\/uploads\/2019\/07\/H17_Badezimmer_1-1030x686.jpg 1030w, https:\/\/www.stuwo.at\/wp-content\/uploads\/2019\/07\/H17_Badezimmer_1-705x470.jpg 705w, https:\/\/www.stuwo.at\/wp-content\/uploads\/2019\/07\/H17_Badezimmer_1-450x300.jpg 450w\" sizes=\"(max-width: 1400px) 100vw, 1400px\" \/><\/div><\/li><li  class='avia-slideshow-slide av-k70kewto-3e7c93c0a74d31a069087d2bd9c90c2b__6  slide-7 slide-odd'><div data-rel='slideshow-1' class='avia-slide-wrap '   ><img decoding=\"async\" fetchpriority=\"high\" class=\"wp-image-14302 avia-img-lazy-loading-not-14302\"  src=\"https:\/\/www.stuwo.at\/wp-content\/uploads\/2019\/07\/H17_Gemeinschaftsk\u00fcche_4.jpg\" width=\"1400\" height=\"933\" title='STUWO Lambach, Gemeinschaftsk\u00fcche' alt=''  itemprop=\"thumbnailUrl\" srcset=\"https:\/\/www.stuwo.at\/wp-content\/uploads\/2019\/07\/H17_Gemeinschaftsk\u00fcche_4.jpg 1400w, https:\/\/www.stuwo.at\/wp-content\/uploads\/2019\/07\/H17_Gemeinschaftsk\u00fcche_4-300x200.jpg 300w, https:\/\/www.stuwo.at\/wp-content\/uploads\/2019\/07\/H17_Gemeinschaftsk\u00fcche_4-768x512.jpg 768w, https:\/\/www.stuwo.at\/wp-content\/uploads\/2019\/07\/H17_Gemeinschaftsk\u00fcche_4-1030x686.jpg 1030w, https:\/\/www.stuwo.at\/wp-content\/uploads\/2019\/07\/H17_Gemeinschaftsk\u00fcche_4-705x470.jpg 705w, https:\/\/www.stuwo.at\/wp-content\/uploads\/2019\/07\/H17_Gemeinschaftsk\u00fcche_4-450x300.jpg 450w\" sizes=\"(max-width: 1400px) 100vw, 1400px\" \/><\/div><\/li><li  class='avia-slideshow-slide av-k70kewto-3e7c93c0a74d31a069087d2bd9c90c2b__7  slide-8 slide-even'><div data-rel='slideshow-1' class='avia-slide-wrap '   ><img decoding=\"async\" fetchpriority=\"high\" class=\"wp-image-14645 avia-img-lazy-loading-not-14645\"  src=\"https:\/\/www.stuwo.at\/wp-content\/uploads\/2020\/02\/H17_Gemeinschaftsraum_mit_Kicker-1500x1028.jpg\" width=\"1500\" height=\"1028\" title='Ferienwohnung Lambach - Gemeinschaftsraum' alt='Gemeinschaftsraum mit Tischfu\u00dfball, Fernseher und Sitzbereich, eine Person sitzt auf einem Sofa.'  itemprop=\"thumbnailUrl\" srcset=\"https:\/\/www.stuwo.at\/wp-content\/uploads\/2020\/02\/H17_Gemeinschaftsraum_mit_Kicker-1500x1028.jpg 1500w, https:\/\/www.stuwo.at\/wp-content\/uploads\/2020\/02\/H17_Gemeinschaftsraum_mit_Kicker-300x206.jpg 300w, https:\/\/www.stuwo.at\/wp-content\/uploads\/2020\/02\/H17_Gemeinschaftsraum_mit_Kicker-768x526.jpg 768w, https:\/\/www.stuwo.at\/wp-content\/uploads\/2020\/02\/H17_Gemeinschaftsraum_mit_Kicker-1030x706.jpg 1030w, https:\/\/www.stuwo.at\/wp-content\/uploads\/2020\/02\/H17_Gemeinschaftsraum_mit_Kicker-705x483.jpg 705w, https:\/\/www.stuwo.at\/wp-content\/uploads\/2020\/02\/H17_Gemeinschaftsraum_mit_Kicker-450x308.jpg 450w\" sizes=\"(max-width: 1500px) 100vw, 1500px\" \/><\/div><\/li><li  class='avia-slideshow-slide av-k70kewto-3e7c93c0a74d31a069087d2bd9c90c2b__8  slide-9 slide-odd'><div data-rel='slideshow-1' class='avia-slide-wrap '   ><img decoding=\"async\" fetchpriority=\"high\" class=\"wp-image-14301 avia-img-lazy-loading-not-14301\"  src=\"https:\/\/www.stuwo.at\/wp-content\/uploads\/2019\/07\/H17_Fitnessraum_7.jpg\" width=\"1400\" height=\"933\" title='STUWO Lambach, Fitnessraum' alt='Heller Fitnessraum mit mehreren Ger\u00e4ten, Matten und Sprossenwand'  itemprop=\"thumbnailUrl\" srcset=\"https:\/\/www.stuwo.at\/wp-content\/uploads\/2019\/07\/H17_Fitnessraum_7.jpg 1400w, https:\/\/www.stuwo.at\/wp-content\/uploads\/2019\/07\/H17_Fitnessraum_7-300x200.jpg 300w, https:\/\/www.stuwo.at\/wp-content\/uploads\/2019\/07\/H17_Fitnessraum_7-768x512.jpg 768w, https:\/\/www.stuwo.at\/wp-content\/uploads\/2019\/07\/H17_Fitnessraum_7-1030x686.jpg 1030w, https:\/\/www.stuwo.at\/wp-content\/uploads\/2019\/07\/H17_Fitnessraum_7-705x470.jpg 705w, https:\/\/www.stuwo.at\/wp-content\/uploads\/2019\/07\/H17_Fitnessraum_7-450x300.jpg 450w\" sizes=\"(max-width: 1400px) 100vw, 1400px\" \/><\/div><\/li><\/ul><div class='avia-slideshow-arrows avia-slideshow-controls' ><a href='#prev' class='prev-slide ' aria-hidden='true' data-av_icon='\ue87c' data-av_iconfont='entypo-fontello'  tabindex='-1'>Prec<\/a><a href='#next' class='next-slide ' aria-hidden='true' data-av_icon='\ue87d' data-av_iconfont='entypo-fontello'  tabindex='-1'>Succ<\/a><\/div><div class='avia-slideshow-dots avia-slideshow-controls'><a href='#1' class='goto-slide active' >1<\/a><a href='#2' class='goto-slide ' >2<\/a><a href='#3' class='goto-slide ' >3<\/a><a href='#4' class='goto-slide ' >4<\/a><a href='#5' class='goto-slide ' >5<\/a><a href='#6' class='goto-slide ' >6<\/a><a href='#7' class='goto-slide ' >7<\/a><a href='#8' class='goto-slide ' >8<\/a><a href='#9' class='goto-slide ' >9<\/a><\/div><\/div><\/div>\n<div id='av-layout-grid-1'  class='av-layout-grid-container av-78firl-1167fa29e8031fe2b82a3de33140ba56 entry-content-wrapper main_color av-flex-cells av-break-at-tablet  avia-builder-el-1  el_after_av_slideshow_full  el_before_av_layout_row  grid-row-not-first av-small-hide av-mini-hide container_wrap sidebar_right'  >\n\n<style type=\"text\/css\" data-created_by=\"avia_inline_auto\" id=\"style-css-av-6bd3tt-6faee36721b237c6e508edeb6273c539\">\n.flex_cell.av-6bd3tt-6faee36721b237c6e508edeb6273c539{\nvertical-align:middle;\nbackground:url(https:\/\/www.stuwo.at\/wp-content\/uploads\/2020\/02\/H117_Appartement_Vorraum_mit_K\u00fcche.jpg) 50% 50% no-repeat scroll ;\n}\n.responsive #top #wrap_all .flex_cell.av-6bd3tt-6faee36721b237c6e508edeb6273c539{\npadding:0px 0px 0px 0px !important;\n}\n<\/style>\n<div class='flex_cell av-6bd3tt-6faee36721b237c6e508edeb6273c539 av-gridrow-cell av_one_half no_margin  avia-builder-el-2  el_before_av_cell_one_half  avia-builder-el-first  av-zero-padding avia-full-stretch'  ><div class='flex_cell_inner'><\/div><\/div>\n<style type=\"text\/css\" data-created_by=\"avia_inline_auto\" id=\"style-css-av-k54109pr-3503af61d321064a672d4a8906a540b9\">\n.flex_cell.av-k54109pr-3503af61d321064a672d4a8906a540b9{\nvertical-align:top;\nbackground-color:#ffffff;\n}\n.responsive #top #wrap_all .flex_cell.av-k54109pr-3503af61d321064a672d4a8906a540b9{\npadding:0px 0px 0px 0px !important;\n}\n<\/style>\n<div class='flex_cell av-k54109pr-3503af61d321064a672d4a8906a540b9 av-gridrow-cell av_one_half no_margin  avia-builder-el-3  el_after_av_cell_one_half  avia-builder-el-last  av-zero-padding'  ><div class='flex_cell_inner'><div id='av-masonry-1' class='av-masonry av-k540x5ul-4e3a58199e802552fbd6151fdd776752 noHover av-fixed-size av-no-gap av-hover-overlay-active av-masonry-animation-active av-masonry-col-4 av-caption-always av-caption-style- av-masonry-gallery av-small-columns-overwrite av-small-columns-2 av-mini-columns-overwrite av-mini-columns-2 ' data-post_id=\"13381\"><div class=\"av-masonry-container isotope av-js-disabled\"><div class='av-masonry-entry isotope-item av-masonry-item-no-image '><\/div><a href=\"https:\/\/www.stuwo.at\/wp-content\/uploads\/2019\/07\/H17_Au\u00dfenansicht_9-1030x772.jpg\" data-srcset=\"https:\/\/www.stuwo.at\/wp-content\/uploads\/2019\/07\/H17_Au\u00dfenansicht_9-1030x772.jpg 1030w, https:\/\/www.stuwo.at\/wp-content\/uploads\/2019\/07\/H17_Au\u00dfenansicht_9-300x225.jpg 300w, https:\/\/www.stuwo.at\/wp-content\/uploads\/2019\/07\/H17_Au\u00dfenansicht_9-768x576.jpg 768w, https:\/\/www.stuwo.at\/wp-content\/uploads\/2019\/07\/H17_Au\u00dfenansicht_9-1500x1125.jpg 1500w, https:\/\/www.stuwo.at\/wp-content\/uploads\/2019\/07\/H17_Au\u00dfenansicht_9-705x529.jpg 705w, https:\/\/www.stuwo.at\/wp-content\/uploads\/2019\/07\/H17_Au\u00dfenansicht_9-450x337.jpg 450w\" data-sizes=\"(max-width: 1030px) 100vw, 1030px\"  aria-label=\"immagine STUWO Lambach, Au\u00dfenansicht\"  id='av-masonry-1-item-14296' data-av-masonry-item='14296' class='av-masonry-entry isotope-item post-14296 attachment type-attachment status-inherit hentry  av-masonry-item-with-image av-grid-img' title=\"STUWO Lambach, Au\u00dfenansicht\" alt=\"Wei\u00dfes mehrst\u00f6ckiges Geb\u00e4ude vor bewaldetem H\u00fcgel und blauem Himmel\"    itemprop=\"thumbnailUrl\" ><div class='av-inner-masonry-sizer'><\/div><figure class='av-inner-masonry main_color'><div class=\"av-masonry-outerimage-container\"><div class='av-masonry-image-container' style=\"background-image: url(https:\/\/www.stuwo.at\/wp-content\/uploads\/2019\/07\/H17_Au\u00dfenansicht_9-705x529.jpg);\"  title=\"STUWO Lambach, Au\u00dfenansicht\" ><\/div><\/div><\/figure><\/a><!--end av-masonry entry--><a href=\"https:\/\/www.stuwo.at\/wp-content\/uploads\/2020\/02\/H117_Appartement_Zimmer-1030x687.jpg\" data-srcset=\"https:\/\/www.stuwo.at\/wp-content\/uploads\/2020\/02\/H117_Appartement_Zimmer-1030x687.jpg 1030w, https:\/\/www.stuwo.at\/wp-content\/uploads\/2020\/02\/H117_Appartement_Zimmer-300x200.jpg 300w, https:\/\/www.stuwo.at\/wp-content\/uploads\/2020\/02\/H117_Appartement_Zimmer-768x512.jpg 768w, https:\/\/www.stuwo.at\/wp-content\/uploads\/2020\/02\/H117_Appartement_Zimmer-1500x1000.jpg 1500w, https:\/\/www.stuwo.at\/wp-content\/uploads\/2020\/02\/H117_Appartement_Zimmer-705x470.jpg 705w, https:\/\/www.stuwo.at\/wp-content\/uploads\/2020\/02\/H117_Appartement_Zimmer-450x300.jpg 450w\" data-sizes=\"(max-width: 1030px) 100vw, 1030px\"  aria-label=\"immagine Ferienwohnung Lambach &#8211; Zimmer\"  id='av-masonry-1-item-14642' data-av-masonry-item='14642' class='av-masonry-entry isotope-item post-14642 attachment type-attachment status-inherit hentry  av-masonry-item-with-image av-grid-img' title=\"Ferienwohnung Lambach &#8211; Zimmer\" alt=\"\"    itemprop=\"thumbnailUrl\" ><div class='av-inner-masonry-sizer'><\/div><figure class='av-inner-masonry main_color'><div class=\"av-masonry-outerimage-container\"><div class='av-masonry-image-container' style=\"background-image: url(https:\/\/www.stuwo.at\/wp-content\/uploads\/2020\/02\/H117_Appartement_Zimmer-705x470.jpg);\"  title=\"Ferienwohnung Lambach &#8211; Zimmer\" ><\/div><\/div><\/figure><\/a><!--end av-masonry entry--><a href=\"https:\/\/www.stuwo.at\/wp-content\/uploads\/2020\/02\/H17_Appartment_Zimmer_3-1030x687.jpg\" data-srcset=\"https:\/\/www.stuwo.at\/wp-content\/uploads\/2020\/02\/H17_Appartment_Zimmer_3-1030x687.jpg 1030w, https:\/\/www.stuwo.at\/wp-content\/uploads\/2020\/02\/H17_Appartment_Zimmer_3-300x200.jpg 300w, https:\/\/www.stuwo.at\/wp-content\/uploads\/2020\/02\/H17_Appartment_Zimmer_3-768x512.jpg 768w, https:\/\/www.stuwo.at\/wp-content\/uploads\/2020\/02\/H17_Appartment_Zimmer_3-1500x1000.jpg 1500w, https:\/\/www.stuwo.at\/wp-content\/uploads\/2020\/02\/H17_Appartment_Zimmer_3-705x470.jpg 705w, https:\/\/www.stuwo.at\/wp-content\/uploads\/2020\/02\/H17_Appartment_Zimmer_3-450x300.jpg 450w\" data-sizes=\"(max-width: 1030px) 100vw, 1030px\"  aria-label=\"immagine Ferienwohnung Lambach &#8211; Zimmer\"  id='av-masonry-1-item-14644' data-av-masonry-item='14644' class='av-masonry-entry isotope-item post-14644 attachment type-attachment status-inherit hentry  av-masonry-item-with-image av-grid-img' title=\"Ferienwohnung Lambach &#8211; Zimmer\" alt=\"Helles Schlafzimmer mit Doppelbett, Schrank, Schreibtisch und gro\u00dfem Fenster mit gr\u00fcnen Vorh\u00e4ngen\"    itemprop=\"thumbnailUrl\" ><div class='av-inner-masonry-sizer'><\/div><figure class='av-inner-masonry main_color'><div class=\"av-masonry-outerimage-container\"><div class='av-masonry-image-container' style=\"background-image: url(https:\/\/www.stuwo.at\/wp-content\/uploads\/2020\/02\/H17_Appartment_Zimmer_3-705x470.jpg);\"  title=\"Ferienwohnung Lambach &#8211; Zimmer\" ><\/div><\/div><\/figure><\/a><!--end av-masonry entry--><a href=\"https:\/\/www.stuwo.at\/wp-content\/uploads\/2020\/02\/H117_Appartement_Zimmer_2-1030x687.jpg\" data-srcset=\"https:\/\/www.stuwo.at\/wp-content\/uploads\/2020\/02\/H117_Appartement_Zimmer_2-1030x687.jpg 1030w, https:\/\/www.stuwo.at\/wp-content\/uploads\/2020\/02\/H117_Appartement_Zimmer_2-300x200.jpg 300w, https:\/\/www.stuwo.at\/wp-content\/uploads\/2020\/02\/H117_Appartement_Zimmer_2-768x512.jpg 768w, https:\/\/www.stuwo.at\/wp-content\/uploads\/2020\/02\/H117_Appartement_Zimmer_2-1500x1000.jpg 1500w, https:\/\/www.stuwo.at\/wp-content\/uploads\/2020\/02\/H117_Appartement_Zimmer_2-705x470.jpg 705w, https:\/\/www.stuwo.at\/wp-content\/uploads\/2020\/02\/H117_Appartement_Zimmer_2-450x300.jpg 450w\" data-sizes=\"(max-width: 1030px) 100vw, 1030px\"  aria-label=\"immagine Ferienwohnung Lambach &#8211; Zimmer\"  id='av-masonry-1-item-14643' data-av-masonry-item='14643' class='av-masonry-entry isotope-item post-14643 attachment type-attachment status-inherit hentry  av-masonry-item-with-image av-grid-img' title=\"Ferienwohnung Lambach &#8211; Zimmer\" alt=\"\"    itemprop=\"thumbnailUrl\" ><div class='av-inner-masonry-sizer'><\/div><figure class='av-inner-masonry main_color'><div class=\"av-masonry-outerimage-container\"><div class='av-masonry-image-container' style=\"background-image: url(https:\/\/www.stuwo.at\/wp-content\/uploads\/2020\/02\/H117_Appartement_Zimmer_2-705x470.jpg);\"  title=\"Ferienwohnung Lambach &#8211; Zimmer\" ><\/div><\/div><\/figure><\/a><!--end av-masonry entry--><a href=\"https:\/\/www.stuwo.at\/wp-content\/uploads\/2019\/07\/H17_Badezimmer_1-1030x686.jpg\" data-srcset=\"https:\/\/www.stuwo.at\/wp-content\/uploads\/2019\/07\/H17_Badezimmer_1-1030x686.jpg 1030w, https:\/\/www.stuwo.at\/wp-content\/uploads\/2019\/07\/H17_Badezimmer_1-300x200.jpg 300w, https:\/\/www.stuwo.at\/wp-content\/uploads\/2019\/07\/H17_Badezimmer_1-768x512.jpg 768w, https:\/\/www.stuwo.at\/wp-content\/uploads\/2019\/07\/H17_Badezimmer_1-705x470.jpg 705w, https:\/\/www.stuwo.at\/wp-content\/uploads\/2019\/07\/H17_Badezimmer_1-450x300.jpg 450w, https:\/\/www.stuwo.at\/wp-content\/uploads\/2019\/07\/H17_Badezimmer_1.jpg 1400w\" data-sizes=\"(max-width: 1030px) 100vw, 1030px\"  aria-label=\"immagine STUWO Lambach, Badezimmer\"  id='av-masonry-1-item-14298' data-av-masonry-item='14298' class='av-masonry-entry isotope-item post-14298 attachment type-attachment status-inherit hentry  av-masonry-item-with-image av-grid-img' title=\"STUWO Lambach, Badezimmer\" alt=\"Kleines Badezimmer mit Duschkabine, Waschbecken mit Unterschrank, wei\u00dfem Hochschrank und Handt\u00fcchern an der Wand\"    itemprop=\"thumbnailUrl\" ><div class='av-inner-masonry-sizer'><\/div><figure class='av-inner-masonry main_color'><div class=\"av-masonry-outerimage-container\"><div class='av-masonry-image-container' style=\"background-image: url(https:\/\/www.stuwo.at\/wp-content\/uploads\/2019\/07\/H17_Badezimmer_1-705x470.jpg);\"  title=\"STUWO Lambach, Badezimmer\" ><\/div><\/div><\/figure><\/a><!--end av-masonry entry--><a href=\"https:\/\/www.stuwo.at\/wp-content\/uploads\/2019\/07\/H17_Gemeinschaftsk\u00fcche_4-1030x686.jpg\" data-srcset=\"https:\/\/www.stuwo.at\/wp-content\/uploads\/2019\/07\/H17_Gemeinschaftsk\u00fcche_4-1030x686.jpg 1030w, https:\/\/www.stuwo.at\/wp-content\/uploads\/2019\/07\/H17_Gemeinschaftsk\u00fcche_4-300x200.jpg 300w, https:\/\/www.stuwo.at\/wp-content\/uploads\/2019\/07\/H17_Gemeinschaftsk\u00fcche_4-768x512.jpg 768w, https:\/\/www.stuwo.at\/wp-content\/uploads\/2019\/07\/H17_Gemeinschaftsk\u00fcche_4-705x470.jpg 705w, https:\/\/www.stuwo.at\/wp-content\/uploads\/2019\/07\/H17_Gemeinschaftsk\u00fcche_4-450x300.jpg 450w, https:\/\/www.stuwo.at\/wp-content\/uploads\/2019\/07\/H17_Gemeinschaftsk\u00fcche_4.jpg 1400w\" data-sizes=\"(max-width: 1030px) 100vw, 1030px\"  aria-label=\"immagine STUWO Lambach, Gemeinschaftsk\u00fcche\"  id='av-masonry-1-item-14302' data-av-masonry-item='14302' class='av-masonry-entry isotope-item post-14302 attachment type-attachment status-inherit hentry  av-masonry-item-with-image av-grid-img' title=\"STUWO Lambach, Gemeinschaftsk\u00fcche\" alt=\"\"    itemprop=\"thumbnailUrl\" ><div class='av-inner-masonry-sizer'><\/div><figure class='av-inner-masonry main_color'><div class=\"av-masonry-outerimage-container\"><div class='av-masonry-image-container' style=\"background-image: url(https:\/\/www.stuwo.at\/wp-content\/uploads\/2019\/07\/H17_Gemeinschaftsk\u00fcche_4-705x470.jpg);\"  title=\"STUWO Lambach, Gemeinschaftsk\u00fcche\" ><\/div><\/div><\/figure><\/a><!--end av-masonry entry--><a href=\"https:\/\/www.stuwo.at\/wp-content\/uploads\/2020\/02\/H17_Gemeinschaftsraum_mit_Kicker-1030x706.jpg\" data-srcset=\"https:\/\/www.stuwo.at\/wp-content\/uploads\/2020\/02\/H17_Gemeinschaftsraum_mit_Kicker-1030x706.jpg 1030w, https:\/\/www.stuwo.at\/wp-content\/uploads\/2020\/02\/H17_Gemeinschaftsraum_mit_Kicker-300x206.jpg 300w, https:\/\/www.stuwo.at\/wp-content\/uploads\/2020\/02\/H17_Gemeinschaftsraum_mit_Kicker-768x526.jpg 768w, https:\/\/www.stuwo.at\/wp-content\/uploads\/2020\/02\/H17_Gemeinschaftsraum_mit_Kicker-1500x1028.jpg 1500w, https:\/\/www.stuwo.at\/wp-content\/uploads\/2020\/02\/H17_Gemeinschaftsraum_mit_Kicker-705x483.jpg 705w, https:\/\/www.stuwo.at\/wp-content\/uploads\/2020\/02\/H17_Gemeinschaftsraum_mit_Kicker-450x308.jpg 450w\" data-sizes=\"(max-width: 1030px) 100vw, 1030px\"  aria-label=\"immagine Ferienwohnung Lambach &#8211; Gemeinschaftsraum\"  id='av-masonry-1-item-14645' data-av-masonry-item='14645' class='av-masonry-entry isotope-item post-14645 attachment type-attachment status-inherit hentry  av-masonry-item-with-image av-grid-img' title=\"Ferienwohnung Lambach &#8211; Gemeinschaftsraum\" alt=\"Gemeinschaftsraum mit Tischfu\u00dfball, Fernseher und Sitzbereich, eine Person sitzt auf einem Sofa.\"    itemprop=\"thumbnailUrl\" ><div class='av-inner-masonry-sizer'><\/div><figure class='av-inner-masonry main_color'><div class=\"av-masonry-outerimage-container\"><div class='av-masonry-image-container' style=\"background-image: url(https:\/\/www.stuwo.at\/wp-content\/uploads\/2020\/02\/H17_Gemeinschaftsraum_mit_Kicker-705x483.jpg);\"  title=\"Ferienwohnung Lambach &#8211; Gemeinschaftsraum\" ><\/div><\/div><\/figure><\/a><!--end av-masonry entry--><a href=\"https:\/\/www.stuwo.at\/wp-content\/uploads\/2019\/07\/H17_Fitnessraum_7-1030x686.jpg\" data-srcset=\"https:\/\/www.stuwo.at\/wp-content\/uploads\/2019\/07\/H17_Fitnessraum_7-1030x686.jpg 1030w, https:\/\/www.stuwo.at\/wp-content\/uploads\/2019\/07\/H17_Fitnessraum_7-300x200.jpg 300w, https:\/\/www.stuwo.at\/wp-content\/uploads\/2019\/07\/H17_Fitnessraum_7-768x512.jpg 768w, https:\/\/www.stuwo.at\/wp-content\/uploads\/2019\/07\/H17_Fitnessraum_7-705x470.jpg 705w, https:\/\/www.stuwo.at\/wp-content\/uploads\/2019\/07\/H17_Fitnessraum_7-450x300.jpg 450w, https:\/\/www.stuwo.at\/wp-content\/uploads\/2019\/07\/H17_Fitnessraum_7.jpg 1400w\" data-sizes=\"(max-width: 1030px) 100vw, 1030px\"  aria-label=\"immagine STUWO Lambach, Fitnessraum\"  id='av-masonry-1-item-14301' data-av-masonry-item='14301' class='av-masonry-entry isotope-item post-14301 attachment type-attachment status-inherit hentry  av-masonry-item-with-image av-grid-img' title=\"STUWO Lambach, Fitnessraum\" alt=\"Heller Fitnessraum mit mehreren Ger\u00e4ten, Matten und Sprossenwand\"    itemprop=\"thumbnailUrl\" ><div class='av-inner-masonry-sizer'><\/div><figure class='av-inner-masonry main_color'><div class=\"av-masonry-outerimage-container\"><div class='av-masonry-image-container' style=\"background-image: url(https:\/\/www.stuwo.at\/wp-content\/uploads\/2019\/07\/H17_Fitnessraum_7-705x470.jpg);\"  title=\"STUWO Lambach, Fitnessraum\" ><\/div><\/div><\/figure><\/a><!--end av-masonry entry--><\/div><\/div>\n<\/div><\/div>\n<\/div>\n<div id='av-layout-grid-2'  class='av-layout-grid-container av-78firl-c631ae41a668636fcb7900020bc361a5 entry-content-wrapper main_color av-flex-cells av-break-at-tablet  avia-builder-el-5  el_after_av_layout_row  el_before_av_section  grid-row-not-first  container_wrap sidebar_right'  >\n\n<style type=\"text\/css\" data-created_by=\"avia_inline_auto\" id=\"style-css-av-dyhr5-042eb43d66dc2bfb7a1863294dc43180\">\n.flex_cell.av-dyhr5-042eb43d66dc2bfb7a1863294dc43180{\nvertical-align:top;\n}\n.responsive #top #wrap_all .flex_cell.av-dyhr5-042eb43d66dc2bfb7a1863294dc43180{\npadding:50px 7% 30px 7% !important;\n}\n<\/style>\n<div class='flex_cell av-dyhr5-042eb43d66dc2bfb7a1863294dc43180 av-gridrow-cell av_one_half no_margin  avia-builder-el-6  el_before_av_cell_one_half  avia-builder-el-first '  ><div class='flex_cell_inner'><p>\n<style type=\"text\/css\" data-created_by=\"avia_inline_auto\" id=\"style-css-av-ph1ql-0bde9899ca3654ce47963f3c861d7c61\">\n.flex_column.av-ph1ql-0bde9899ca3654ce47963f3c861d7c61{\nborder-radius:0px 0px 0px 0px;\npadding:0px 0px 0px 0px;\n}\n<\/style>\n<div  class='flex_column av-ph1ql-0bde9899ca3654ce47963f3c861d7c61 av_one_full  avia-builder-el-7  el_before_av_one_full  avia-builder-el-first  first flex_column_div av-zero-column-padding  '     ><p>\n<style type=\"text\/css\" data-created_by=\"avia_inline_auto\" id=\"style-css-av-av_heading-f3d6dac2dcce894b1ccc764066bf22f8\">\n#top .av-special-heading.av-av_heading-f3d6dac2dcce894b1ccc764066bf22f8{\npadding-bottom:0;\n}\nbody .av-special-heading.av-av_heading-f3d6dac2dcce894b1ccc764066bf22f8 .av-special-heading-tag .heading-char{\nfont-size:25px;\n}\n.av-special-heading.av-av_heading-f3d6dac2dcce894b1ccc764066bf22f8 .av-subheading{\nfont-size:15px;\n}\n<\/style>\n<div  class='av-special-heading av-av_heading-f3d6dac2dcce894b1ccc764066bf22f8 av-special-heading-h1 blockquote modern-quote  avia-builder-el-8  el_before_av_hr  avia-builder-el-first '><h1 class='av-special-heading-tag '  itemprop=\"headline\"  >Appartamenti vacanza a Lambach<\/h1><div class=\"special-heading-border\"><div class=\"special-heading-inner-border\"><\/div><\/div><\/div><br \/>\n\n<style type=\"text\/css\" data-created_by=\"avia_inline_auto\" id=\"style-css-av-jtogly79-ad57aec588c41c3e6e0fd3a450386ad1\">\n#top .hr.hr-invisible.av-jtogly79-ad57aec588c41c3e6e0fd3a450386ad1{\nheight:5px;\n}\n<\/style>\n<div  class='hr av-jtogly79-ad57aec588c41c3e6e0fd3a450386ad1 hr-invisible  avia-builder-el-9  el_after_av_heading  el_before_av_textblock '><span class='hr-inner '><span class=\"hr-inner-style\"><\/span><\/span><\/div><br \/>\n\n<style type=\"text\/css\" data-created_by=\"avia_inline_auto\" id=\"style-css-av-jx1row9d-60fb8c56ad039c43a20b9ba1a27b915c\">\n#top .av_textblock_section.av-jx1row9d-60fb8c56ad039c43a20b9ba1a27b915c .avia_textblock{\nfont-size:14px;\n}\n<\/style>\n<section  class='av_textblock_section av-jx1row9d-60fb8c56ad039c43a20b9ba1a27b915c '   itemscope=\"itemscope\" itemtype=\"https:\/\/schema.org\/CreativeWork\" ><div class='avia_textblock'  itemprop=\"text\" ><p><span style=\"font-weight: 400;\">An der Traun 3 | 4650 Lambach<\/span><\/p>\n<\/div><\/section><\/p><\/div><div class='flex_column_table av-bbw9h-e9ea24d4a9970947ae9a10c1728f5755 sc-av_one_full av-break-at-tablet-flextable av-equal-height-column-flextable'>\n<style type=\"text\/css\" data-created_by=\"avia_inline_auto\" id=\"style-css-av-bbw9h-e9ea24d4a9970947ae9a10c1728f5755\">\n#top .flex_column_table.av-equal-height-column-flextable.av-bbw9h-e9ea24d4a9970947ae9a10c1728f5755{\nmargin-top:15px;\nmargin-bottom:0px;\n}\n.flex_column.av-bbw9h-e9ea24d4a9970947ae9a10c1728f5755{\nborder-radius:0px 0px 0px 0px;\npadding:0px 0px 0px 0px;\n}\n<\/style>\n<div  class='flex_column av-bbw9h-e9ea24d4a9970947ae9a10c1728f5755 av_one_full  avia-builder-el-11  el_after_av_one_full  avia-builder-el-last  first av-break-at-tablet flex_column_table_cell av-equal-height-column av-align-top av-zero-column-padding  column-top-margin'     ><p>\n<style type=\"text\/css\" data-created_by=\"avia_inline_auto\" id=\"style-css-av-jtogly79-146439e3335d5ec4a22dd06654f9c8fb\">\n#top .hr.hr-invisible.av-jtogly79-146439e3335d5ec4a22dd06654f9c8fb{\nheight:10px;\n}\n<\/style>\n<div  class='hr av-jtogly79-146439e3335d5ec4a22dd06654f9c8fb hr-invisible  avia-builder-el-12  el_before_av_textblock  avia-builder-el-first '><span class='hr-inner '><span class=\"hr-inner-style\"><\/span><\/span><\/div><br \/>\n<section  class='av_textblock_section av-jtjtmedc-32aa8e1c6ffcbae42d838925d9b3f0a9 '   itemscope=\"itemscope\" itemtype=\"https:\/\/schema.org\/CreativeWork\" ><div class='avia_textblock'  itemprop=\"text\" ><p><span style=\"font-weight: 400;\">Stacca dalla quotidianit\u00e0 e immergiti in paesaggi meravigliosi nella stagione pi\u00f9 bella dell\u2019anno. Goditi le tue vacanze nei nostri appartamenti modernissimi nel centro di Lambach, in Alta Austria, alle porte <strong>dell\u2019idilliaca regione del Salzkammergut<\/strong>. Gli appartamenti per le vacanze nel nostro studentato, costruito nel 2015, sono disponibili dal primo luglio al 10 settembre. Da noi troverai tutto il necessario per delle <strong>vacanze indimenticabili<\/strong>: strutture moderne, posizione ottima, extra gratuiti\u2026 Il tutto al miglior rapporto qualit\u00e0-prezzo.<\/span><\/p>\n<\/div><\/section><br \/>\n<section  class='av_textblock_section av-jtjtmedc-c1ac01ed6913f10216f70d5000e39545 '   itemscope=\"itemscope\" itemtype=\"https:\/\/schema.org\/CreativeWork\" ><div class='avia_textblock'  itemprop=\"text\" ><p><span style=\"font-weight: 400;\">Sei interessato? Ti aspettiamo!<\/span><\/p>\n<\/div><\/section><br \/>\n\n<style type=\"text\/css\" data-created_by=\"avia_inline_auto\" id=\"style-css-av-jtogly79-ad57aec588c41c3e6e0fd3a450386ad1\">\n#top .hr.hr-invisible.av-jtogly79-ad57aec588c41c3e6e0fd3a450386ad1{\nheight:5px;\n}\n<\/style>\n<div  class='hr av-jtogly79-ad57aec588c41c3e6e0fd3a450386ad1 hr-invisible  avia-builder-el-15  el_after_av_textblock  avia-builder-el-last '><span class='hr-inner '><span class=\"hr-inner-style\"><\/span><\/span><\/div><\/p><\/div><\/div><!--close column table wrapper. Autoclose: 1 --><\/p>\n<\/div><\/div>\n<style type=\"text\/css\" data-created_by=\"avia_inline_auto\" id=\"style-css-av-k5426ye5-674aaaf9abff59869283e7a136f8a03d\">\n.flex_cell.av-k5426ye5-674aaaf9abff59869283e7a136f8a03d{\nvertical-align:middle;\n}\n.responsive #top #wrap_all .flex_cell.av-k5426ye5-674aaaf9abff59869283e7a136f8a03d{\npadding:50px 7% 30px 7% !important;\n}\n<\/style>\n<div class='flex_cell av-k5426ye5-674aaaf9abff59869283e7a136f8a03d av-gridrow-cell av_one_half no_margin  avia-builder-el-16  el_after_av_cell_one_half  avia-builder-el-last '  ><div class='flex_cell_inner'><p>\n<style type=\"text\/css\" data-created_by=\"avia_inline_auto\" id=\"style-css-av-ph1ql-449e54d671183628fb2773ab15f6c24a\">\n.flex_column.av-ph1ql-449e54d671183628fb2773ab15f6c24a{\nborder-radius:0px 0px 0px 0px;\npadding:20px 20px 0px 20px;\nbackground-color:#ededed;\n}\n<\/style>\n<div  class='flex_column av-ph1ql-449e54d671183628fb2773ab15f6c24a av_one_full  avia-builder-el-17  el_before_av_one_fourth  avia-builder-el-first  first flex_column_div  '     ><style type=\"text\/css\" data-created_by=\"avia_inline_auto\" id=\"style-css-av-av_heading-ec94c152394963fc3e22ea2c2f2a5155\">\n#top .av-special-heading.av-av_heading-ec94c152394963fc3e22ea2c2f2a5155{\npadding-bottom:0;\n}\nbody .av-special-heading.av-av_heading-ec94c152394963fc3e22ea2c2f2a5155 .av-special-heading-tag .heading-char{\nfont-size:25px;\n}\n.av-special-heading.av-av_heading-ec94c152394963fc3e22ea2c2f2a5155 .av-subheading{\nfont-size:15px;\n}\n<\/style>\n<div  class='av-special-heading av-av_heading-ec94c152394963fc3e22ea2c2f2a5155 av-special-heading-h4 blockquote modern-quote  avia-builder-el-18  avia-builder-el-no-sibling '><h4 class='av-special-heading-tag '  itemprop=\"headline\"  >Appartamento per 1-6 persone<\/h4><div class=\"special-heading-border\"><div class=\"special-heading-inner-border\"><\/div><\/div><\/div><\/div><div class='flex_column_table av-bbw9h-b0abc6e079ae0125397f306cd3c1ab8c sc-av_one_fourth av-break-at-tablet-flextable av-equal-height-column-flextable'>\n<style type=\"text\/css\" data-created_by=\"avia_inline_auto\" id=\"style-css-av-bbw9h-b0abc6e079ae0125397f306cd3c1ab8c\">\n#top .flex_column_table.av-equal-height-column-flextable.av-bbw9h-b0abc6e079ae0125397f306cd3c1ab8c{\nmargin-top:15px;\nmargin-bottom:0px;\n}\n.flex_column.av-bbw9h-b0abc6e079ae0125397f306cd3c1ab8c{\nborder-radius:0px 0px 0px 0px;\npadding:20px 20px 20px 20px;\nbackground-color:#ededed;\n}\n<\/style>\n<div  class='flex_column av-bbw9h-b0abc6e079ae0125397f306cd3c1ab8c av_one_fourth  avia-builder-el-19  el_after_av_one_full  el_before_av_one_fourth  first no_margin av-break-at-tablet flex_column_table_cell av-equal-height-column av-align-middle  column-top-margin'     ><section  class='av_textblock_section av-k8527s4b-75932666d231a6a8bf2690385064c48a '   itemscope=\"itemscope\" itemtype=\"https:\/\/schema.org\/CreativeWork\" ><div class='avia_textblock'  itemprop=\"text\" ><p><img loading=\"lazy\" decoding=\"async\" class=\"alignnone size-full wp-image-12653\" src=\"https:\/\/www.stuwo.at\/wp-content\/uploads\/2020\/03\/Zimmer.png\" alt=\"\" width=\"29\" height=\"30\" \/> 3 camere<\/p>\n<\/div><\/section><\/div>\n<style type=\"text\/css\" data-created_by=\"avia_inline_auto\" id=\"style-css-av-bbw9h-6a2d6bfa2d2af897aed06e4824726277\">\n#top .flex_column_table.av-equal-height-column-flextable.av-bbw9h-6a2d6bfa2d2af897aed06e4824726277{\nmargin-top:15px;\nmargin-bottom:0px;\n}\n.flex_column.av-bbw9h-6a2d6bfa2d2af897aed06e4824726277{\nborder-radius:0px 0px 0px 0px;\npadding:20px 20px 20px 20px;\nbackground-color:#ededed;\n}\n<\/style>\n<div  class='flex_column av-bbw9h-6a2d6bfa2d2af897aed06e4824726277 av_one_fourth  avia-builder-el-21  el_after_av_one_fourth  el_before_av_one_fourth  no_margin av-break-at-tablet flex_column_table_cell av-equal-height-column av-align-middle  column-top-margin'     ><section  class='av_textblock_section av-k8527s4b-75932666d231a6a8bf2690385064c48a '   itemscope=\"itemscope\" itemtype=\"https:\/\/schema.org\/CreativeWork\" ><div class='avia_textblock'  itemprop=\"text\" ><p><img loading=\"lazy\" decoding=\"async\" class=\"alignnone size-full wp-image-12662\" src=\"https:\/\/www.stuwo.at\/wp-content\/uploads\/2020\/03\/users.png\" alt=\"\" width=\"34\" height=\"30\" \/>\u00a0 1-6 persone<\/p>\n<\/div><\/section><\/div>\n<style type=\"text\/css\" data-created_by=\"avia_inline_auto\" id=\"style-css-av-bbw9h-6a2d6bfa2d2af897aed06e4824726277\">\n#top .flex_column_table.av-equal-height-column-flextable.av-bbw9h-6a2d6bfa2d2af897aed06e4824726277{\nmargin-top:15px;\nmargin-bottom:0px;\n}\n.flex_column.av-bbw9h-6a2d6bfa2d2af897aed06e4824726277{\nborder-radius:0px 0px 0px 0px;\npadding:20px 20px 20px 20px;\nbackground-color:#ededed;\n}\n<\/style>\n<div  class='flex_column av-bbw9h-6a2d6bfa2d2af897aed06e4824726277 av_one_fourth  avia-builder-el-23  el_after_av_one_fourth  el_before_av_one_fourth  no_margin av-break-at-tablet flex_column_table_cell av-equal-height-column av-align-middle  column-top-margin'     ><section  class='av_textblock_section av-k8527s4b-75932666d231a6a8bf2690385064c48a '   itemscope=\"itemscope\" itemtype=\"https:\/\/schema.org\/CreativeWork\" ><div class='avia_textblock'  itemprop=\"text\" ><p><img loading=\"lazy\" decoding=\"async\" class=\"alignnone size-full wp-image-12656\" src=\"https:\/\/www.stuwo.at\/wp-content\/uploads\/2020\/03\/K\u00fcche.png\" alt=\"\" width=\"31\" height=\"30\" \/> Cucina<\/p>\n<\/div><\/section><\/div>\n<style type=\"text\/css\" data-created_by=\"avia_inline_auto\" id=\"style-css-av-bbw9h-6a2d6bfa2d2af897aed06e4824726277\">\n#top .flex_column_table.av-equal-height-column-flextable.av-bbw9h-6a2d6bfa2d2af897aed06e4824726277{\nmargin-top:15px;\nmargin-bottom:0px;\n}\n.flex_column.av-bbw9h-6a2d6bfa2d2af897aed06e4824726277{\nborder-radius:0px 0px 0px 0px;\npadding:20px 20px 20px 20px;\nbackground-color:#ededed;\n}\n<\/style>\n<div  class='flex_column av-bbw9h-6a2d6bfa2d2af897aed06e4824726277 av_one_fourth  avia-builder-el-25  el_after_av_one_fourth  el_before_av_hr  no_margin av-break-at-tablet flex_column_table_cell av-equal-height-column av-align-middle  column-top-margin'     ><section  class='av_textblock_section av-k8527s4b-75932666d231a6a8bf2690385064c48a '   itemscope=\"itemscope\" itemtype=\"https:\/\/schema.org\/CreativeWork\" ><div class='avia_textblock'  itemprop=\"text\" ><p><img loading=\"lazy\" decoding=\"async\" class=\"alignnone size-full wp-image-12664\" src=\"https:\/\/www.stuwo.at\/wp-content\/uploads\/2020\/03\/home.png\" alt=\"\" width=\"30\" height=\"30\" \/>\u00a0 65m\u00b2<\/p>\n<\/div><\/section><\/div><\/div><!--close column table wrapper. Autoclose: 1 -->\n<style type=\"text\/css\" data-created_by=\"avia_inline_auto\" id=\"style-css-av-jtogly79-d7d10f25d18d900df45c36ee2f9c6279\">\n#top .hr.hr-invisible.av-jtogly79-d7d10f25d18d900df45c36ee2f9c6279{\nheight:50px;\n}\n<\/style>\n<div  class='hr av-jtogly79-d7d10f25d18d900df45c36ee2f9c6279 hr-invisible  avia-builder-el-27  el_after_av_one_fourth  el_before_av_one_half '><span class='hr-inner '><span class=\"hr-inner-style\"><\/span><\/span><\/div><br \/>\n<div class='flex_column_table av-ph1ql-d99a09f955b4b21e212b274d85e6626b sc-av_one_half av-equal-height-column-flextable'>\n<style type=\"text\/css\" data-created_by=\"avia_inline_auto\" id=\"style-css-av-ph1ql-d99a09f955b4b21e212b274d85e6626b\">\n#top .flex_column_table.av-equal-height-column-flextable.av-ph1ql-d99a09f955b4b21e212b274d85e6626b{\nmargin-top:0px;\nmargin-bottom:0px;\n}\n.flex_column.av-ph1ql-d99a09f955b4b21e212b274d85e6626b{\nborder-radius:0px 0px 0px 0px;\npadding:0px 0px 0px 0px;\n}\n<\/style>\n<div  class='flex_column av-ph1ql-d99a09f955b4b21e212b274d85e6626b av_one_half  avia-builder-el-28  el_after_av_hr  el_before_av_one_half  first no_margin flex_column_table_cell av-equal-height-column av-align-top av-zero-column-padding  '     ><\/div>\n<style type=\"text\/css\" data-created_by=\"avia_inline_auto\" id=\"style-css-av-ph1ql-4f1c83ed322a92db06145fb825f8f1de\">\n#top .flex_column_table.av-equal-height-column-flextable.av-ph1ql-4f1c83ed322a92db06145fb825f8f1de{\nmargin-top:0px;\nmargin-bottom:0px;\n}\n.flex_column.av-ph1ql-4f1c83ed322a92db06145fb825f8f1de{\nborder-radius:0px 0px 0px 0px;\npadding:0px 0px 0px 0px;\n}\n<\/style>\n<div  class='flex_column av-ph1ql-4f1c83ed322a92db06145fb825f8f1de av_one_half  avia-builder-el-29  el_after_av_one_half  avia-builder-el-last  no_margin flex_column_table_cell av-equal-height-column av-align-top av-zero-column-padding  '     ><div  class='avia-button-wrap av-k56hrftq-410e0eea4c80b20e1e85967cb33ff070-wrap avia-button-right  avia-builder-el-30  avia-builder-el-no-sibling '>\n<style type=\"text\/css\" data-created_by=\"avia_inline_auto\" id=\"style-css-av-k56hrftq-410e0eea4c80b20e1e85967cb33ff070\">\n#top #wrap_all .avia-button.av-k56hrftq-410e0eea4c80b20e1e85967cb33ff070{\nbackground-color:#d4006f;\nborder-color:#d4006f;\ncolor:#ffffff;\ntransition:all 0.4s ease-in-out;\n}\n<\/style>\n<a href='https:\/\/www.stuwo.at\/ferienwohnungen\/anfragen\/?fewo=FEWO-Lambach'  class='avia-button av-k56hrftq-410e0eea4c80b20e1e85967cb33ff070 av-link-btn avia-icon_select-yes-right-icon avia-size-x-large avia-position-right av-icon-on-hover'   aria-label=\"30,- \u20ac a testa\"><span class='avia_iconbox_title' >30,- \u20ac a testa<\/span><span class='avia_button_icon avia_button_icon_right' aria-hidden='true' data-av_icon='\ue875' data-av_iconfont='entypo-fontello'><\/span><\/a><\/div><\/div><\/div><!--close column table wrapper. Autoclose: 1 --><\/p>\n<\/div><\/div>\n<\/div>\n\n<style type=\"text\/css\" data-created_by=\"avia_inline_auto\" id=\"style-css-av-1qsgoha-c4ac0d05cf0bacc35659f3fd0007cfc2\">\n.avia-section.av-1qsgoha-c4ac0d05cf0bacc35659f3fd0007cfc2{\nbackground-repeat:no-repeat;\nbackground-image:url(https:\/\/www.stuwo.at\/wp-content\/uploads\/2020\/02\/Stadtpark-Graz-c-Graz-Tourismus-Harry-Schiffer_2-300x200.jpg);\nbackground-position:50% 50%;\nbackground-attachment:scroll;\n}\n.avia-section.av-1qsgoha-c4ac0d05cf0bacc35659f3fd0007cfc2 .av-section-color-overlay{\nopacity:0.7;\nbackground-color:#ffffff;\n}\n<\/style>\n<div id='av_section_1'  class='avia-section av-1qsgoha-c4ac0d05cf0bacc35659f3fd0007cfc2 main_color avia-section-default avia-no-border-styling  avia-builder-el-31  el_after_av_layout_row  el_before_av_layout_row  avia-full-stretch avia-bg-style-scroll av-section-color-overlay-active container_wrap sidebar_right'  data-section-bg-repeat='stretch'><div class=\"av-section-color-overlay-wrap\"><div class=\"av-section-color-overlay\"><\/div><div class='container av-section-cont-open' ><div class='template-page content  av-content-small alpha units'><div class='post-entry post-entry-type-page post-entry-13381'><div class='entry-content-wrapper clearfix'>\n<div class='flex_column_table av-bbw9h-e9ea24d4a9970947ae9a10c1728f5755 sc-av_one_third av-break-at-tablet-flextable av-equal-height-column-flextable'>\n<style type=\"text\/css\" data-created_by=\"avia_inline_auto\" id=\"style-css-av-bbw9h-e9ea24d4a9970947ae9a10c1728f5755\">\n#top .flex_column_table.av-equal-height-column-flextable.av-bbw9h-e9ea24d4a9970947ae9a10c1728f5755{\nmargin-top:15px;\nmargin-bottom:0px;\n}\n.flex_column.av-bbw9h-e9ea24d4a9970947ae9a10c1728f5755{\nborder-radius:0px 0px 0px 0px;\npadding:0px 0px 0px 0px;\n}\n<\/style>\n<div  class='flex_column av-bbw9h-e9ea24d4a9970947ae9a10c1728f5755 av_one_third  avia-builder-el-32  el_before_av_one_third  avia-builder-el-first  first av-break-at-tablet flex_column_table_cell av-equal-height-column av-align-top av-zero-column-padding  '     ><p>\n<style type=\"text\/css\" data-created_by=\"avia_inline_auto\" id=\"style-css-av-jtogly79-dc53b3d9cb831c96b82a2b62b4a823e3\">\n#top .hr.hr-invisible.av-jtogly79-dc53b3d9cb831c96b82a2b62b4a823e3{\nheight:20px;\n}\n<\/style>\n<div  class='hr av-jtogly79-dc53b3d9cb831c96b82a2b62b4a823e3 hr-invisible  avia-builder-el-33  el_before_av_icon_box  avia-builder-el-first '><span class='hr-inner '><span class=\"hr-inner-style\"><\/span><\/span><\/div><br \/>\n\n<style type=\"text\/css\" data-created_by=\"avia_inline_auto\" id=\"style-css-av-k541b4tb-d50355334cf27eda81fba4176ad7c27e\">\n.iconbox.av-k541b4tb-d50355334cf27eda81fba4176ad7c27e .iconbox_content_container{\ncolor:#000000;\n}\n<\/style>\n<article  class='iconbox iconbox_left av-k541b4tb-d50355334cf27eda81fba4176ad7c27e  avia-builder-el-34  el_after_av_hr  avia-builder-el-last '  itemscope=\"itemscope\" itemtype=\"https:\/\/schema.org\/CreativeWork\" ><div class=\"iconbox_content\"><header class=\"entry-content-header\" aria-label=\"Icona: PISTE CICLABILI\"><div class=\"iconbox_icon heading-color\" aria-hidden='true' data-av_icon='\uf106' data-av_iconfont='flaticon-sports'><\/div><h3 class='iconbox_content_title '  itemprop=\"headline\" >PISTE CICLABILI<\/h3><\/header><div class='iconbox_content_container av_inherit_color'  itemprop=\"text\" ><\/div><\/div><footer class=\"entry-footer\"><\/footer><\/article><\/p><\/div><div class='av-flex-placeholder'><\/div>\n<style type=\"text\/css\" data-created_by=\"avia_inline_auto\" id=\"style-css-av-bbw9h-15d0fe3162cac90b7cd8adf41abf8ba4\">\n#top .flex_column_table.av-equal-height-column-flextable.av-bbw9h-15d0fe3162cac90b7cd8adf41abf8ba4{\nmargin-top:15px;\nmargin-bottom:0px;\n}\n.flex_column.av-bbw9h-15d0fe3162cac90b7cd8adf41abf8ba4{\nborder-radius:0px 0px 0px 0px;\npadding:0px 0px 0px 0px;\n}\n<\/style>\n<div  class='flex_column av-bbw9h-15d0fe3162cac90b7cd8adf41abf8ba4 av_one_third  avia-builder-el-35  el_after_av_one_third  el_before_av_one_third  av-break-at-tablet flex_column_table_cell av-equal-height-column av-align-top av-zero-column-padding  '     ><p>\n<style type=\"text\/css\" data-created_by=\"avia_inline_auto\" id=\"style-css-av-jtogly79-dc53b3d9cb831c96b82a2b62b4a823e3\">\n#top .hr.hr-invisible.av-jtogly79-dc53b3d9cb831c96b82a2b62b4a823e3{\nheight:20px;\n}\n<\/style>\n<div  class='hr av-jtogly79-dc53b3d9cb831c96b82a2b62b4a823e3 hr-invisible  avia-builder-el-36  el_before_av_icon_box  avia-builder-el-first '><span class='hr-inner '><span class=\"hr-inner-style\"><\/span><\/span><\/div><br \/>\n\n<style type=\"text\/css\" data-created_by=\"avia_inline_auto\" id=\"style-css-av-k541b4tb-3059397684e05140702f73e71a3629d5\">\n.iconbox.av-k541b4tb-3059397684e05140702f73e71a3629d5 .iconbox_content_container{\ncolor:#000000;\n}\n<\/style>\n<article  class='iconbox iconbox_left av-k541b4tb-3059397684e05140702f73e71a3629d5  avia-builder-el-37  el_after_av_hr  avia-builder-el-last '  itemscope=\"itemscope\" itemtype=\"https:\/\/schema.org\/CreativeWork\" ><div class=\"iconbox_content\"><header class=\"entry-content-header\" aria-label=\"Icona: NATURA\"><div class=\"iconbox_icon heading-color\" aria-hidden='true' data-av_icon='\ue8b8' data-av_iconfont='entypo-fontello'><\/div><h3 class='iconbox_content_title '  itemprop=\"headline\" >NATURA<\/h3><\/header><div class='iconbox_content_container av_inherit_color'  itemprop=\"text\" ><\/div><\/div><footer class=\"entry-footer\"><\/footer><\/article><\/p><\/div><div class='av-flex-placeholder'><\/div>\n<style type=\"text\/css\" data-created_by=\"avia_inline_auto\" id=\"style-css-av-bbw9h-15d0fe3162cac90b7cd8adf41abf8ba4\">\n#top .flex_column_table.av-equal-height-column-flextable.av-bbw9h-15d0fe3162cac90b7cd8adf41abf8ba4{\nmargin-top:15px;\nmargin-bottom:0px;\n}\n.flex_column.av-bbw9h-15d0fe3162cac90b7cd8adf41abf8ba4{\nborder-radius:0px 0px 0px 0px;\npadding:0px 0px 0px 0px;\n}\n<\/style>\n<div  class='flex_column av-bbw9h-15d0fe3162cac90b7cd8adf41abf8ba4 av_one_third  avia-builder-el-38  el_after_av_one_third  avia-builder-el-last  av-break-at-tablet flex_column_table_cell av-equal-height-column av-align-top av-zero-column-padding  '     ><p>\n<style type=\"text\/css\" data-created_by=\"avia_inline_auto\" id=\"style-css-av-jtogly79-dc53b3d9cb831c96b82a2b62b4a823e3\">\n#top .hr.hr-invisible.av-jtogly79-dc53b3d9cb831c96b82a2b62b4a823e3{\nheight:20px;\n}\n<\/style>\n<div  class='hr av-jtogly79-dc53b3d9cb831c96b82a2b62b4a823e3 hr-invisible  avia-builder-el-39  el_before_av_icon_box  avia-builder-el-first '><span class='hr-inner '><span class=\"hr-inner-style\"><\/span><\/span><\/div><br \/>\n\n<style type=\"text\/css\" data-created_by=\"avia_inline_auto\" id=\"style-css-av-k541b4tb-e4c9feaf7eda6f234ad32fc7d7b89721\">\n.iconbox.av-k541b4tb-e4c9feaf7eda6f234ad32fc7d7b89721 .iconbox_content_container{\ncolor:#000000;\n}\n<\/style>\n<article  class='iconbox iconbox_left av-k541b4tb-e4c9feaf7eda6f234ad32fc7d7b89721  avia-builder-el-40  el_after_av_hr  avia-builder-el-last '  itemscope=\"itemscope\" itemtype=\"https:\/\/schema.org\/CreativeWork\" ><div class=\"iconbox_content\"><header class=\"entry-content-header\" aria-label=\"Icona: CENTRO CITT\u00c0\"><div class=\"iconbox_icon heading-color\" aria-hidden='true' data-av_icon='\ue80f' data-av_iconfont='entypo-fontello'><\/div><h3 class='iconbox_content_title '  itemprop=\"headline\" >CENTRO CITT\u00c0<\/h3><\/header><div class='iconbox_content_container av_inherit_color'  itemprop=\"text\" ><\/div><\/div><footer class=\"entry-footer\"><\/footer><\/article><\/p><\/div><\/div><!--close column table wrapper. Autoclose: 1 -->\n\n<\/div><\/div><\/div><!-- close content main div --><\/div><\/div><\/div><div id='av-layout-grid-3'  class='av-layout-grid-container av-78firl-c631ae41a668636fcb7900020bc361a5 entry-content-wrapper main_color av-flex-cells av-break-at-tablet  avia-builder-el-41  el_after_av_section  el_before_av_tab_section  grid-row-not-first  container_wrap sidebar_right'  >\n\n<style type=\"text\/css\" data-created_by=\"avia_inline_auto\" id=\"style-css-av-6bd3tt-577efae837425f32373ad87892cc1286\">\n.flex_cell.av-6bd3tt-577efae837425f32373ad87892cc1286{\nvertical-align:top;\n}\n.responsive #top #wrap_all .flex_cell.av-6bd3tt-577efae837425f32373ad87892cc1286{\npadding:0px 0px 0px 0px !important;\n}\n<\/style>\n<div class='flex_cell av-6bd3tt-577efae837425f32373ad87892cc1286 av-gridrow-cell av_one_half no_margin  avia-builder-el-42  el_before_av_cell_one_half  avia-builder-el-first  av-zero-padding avia-full-stretch'  ><div class='flex_cell_inner'><p>\n<style type=\"text\/css\" data-created_by=\"avia_inline_auto\" id=\"style-css-av-k90yvm2a-dac0547d795378ffc9b28975e4f61226\">\n#top .hr.hr-invisible.av-k90yvm2a-dac0547d795378ffc9b28975e4f61226{\nheight:50px;\n}\n<\/style>\n<div  class='hr av-k90yvm2a-dac0547d795378ffc9b28975e4f61226 hr-invisible  avia-builder-el-43  el_before_av_google_map  avia-builder-el-no-sibling  av-small-hide av-mini-hide'><span class='hr-inner '><span class=\"hr-inner-style\"><\/span><\/span><\/div><br \/>\n<div  class='av_gmaps_sc_main_wrap av_gmaps_main_wrap '><div id='av_gmap_0' class='avia-google-map-container avia-google-map-sc av_gmaps_show_unconditionally av-no-fallback-img ' data-mapid='av_gmap_0'  style='height: 700px;'><a class=\"av_gmaps_browser_disabled av_text_confirm_link av_text_confirm_link_visible\" href=\"https:\/\/www.google.com\/maps\/search\/?api=1&#038;query=STUWO%20Lambach%204650%20Lambach%20%20Austria\" target=\"_blank\">Le mappe sono state disabilitate dal visitatore di questo sito. Clicca per aprire la mappa in una nuova finestra.<\/a><\/div><\/div><\/p>\n<\/div><\/div>\n<style type=\"text\/css\" data-created_by=\"avia_inline_auto\" id=\"style-css-av-1ummlq-b4fd23a3432742954032185d1459e1fa\">\n.flex_cell.av-1ummlq-b4fd23a3432742954032185d1459e1fa{\nvertical-align:top;\n}\n.responsive #top #wrap_all .flex_cell.av-1ummlq-b4fd23a3432742954032185d1459e1fa{\npadding:50px 7% 30px 7% !important;\n}\n<\/style>\n<div class='flex_cell av-1ummlq-b4fd23a3432742954032185d1459e1fa av-gridrow-cell av_one_half no_margin  avia-builder-el-45  el_after_av_cell_one_half  avia-builder-el-last '  ><div class='flex_cell_inner'>\n<style type=\"text\/css\" data-created_by=\"avia_inline_auto\" id=\"style-css-av-6kn5ly-10d6ab2bde8a6b8af5445d278dbf0a5d\">\n.flex_column.av-6kn5ly-10d6ab2bde8a6b8af5445d278dbf0a5d{\nborder-radius:0px 0px 0px 0px;\npadding:0px 0px 0px 0px;\n}\n<\/style>\n<div  class='flex_column av-6kn5ly-10d6ab2bde8a6b8af5445d278dbf0a5d av_one_full  avia-builder-el-46  avia-builder-el-no-sibling  first flex_column_div av-zero-column-padding  '     ><p>\n<style type=\"text\/css\" data-created_by=\"avia_inline_auto\" id=\"style-css-av-av_heading-f1cf95347334c3fcddaa5d2564d7cc09\">\n#top .av-special-heading.av-av_heading-f1cf95347334c3fcddaa5d2564d7cc09{\npadding-bottom:10px;\n}\nbody .av-special-heading.av-av_heading-f1cf95347334c3fcddaa5d2564d7cc09 .av-special-heading-tag .heading-char{\nfont-size:25px;\n}\n.av-special-heading.av-av_heading-f1cf95347334c3fcddaa5d2564d7cc09 .av-subheading{\nfont-size:15px;\n}\n<\/style>\n<div  class='av-special-heading av-av_heading-f1cf95347334c3fcddaa5d2564d7cc09 av-special-heading-h2 blockquote modern-quote  avia-builder-el-47  el_before_av_textblock  avia-builder-el-first '><h2 class='av-special-heading-tag '  itemprop=\"headline\"  >Posizione e dintorni<\/h2><div class=\"special-heading-border\"><div class=\"special-heading-inner-border\"><\/div><\/div><\/div><br \/>\n<section  class='av_textblock_section av-dloph-e9388b220b01289cb8713f32ed40b3d3 '   itemscope=\"itemscope\" itemtype=\"https:\/\/schema.org\/CreativeWork\" ><div class='avia_textblock'  itemprop=\"text\" ><p><span style=\"font-weight: 400;\">I nostri appartamenti sono in posizione particolarmente centrale, su una penisola del fiume Traun, vicino al Polo di agraria di Lambach. Gli appartamenti sono perfettamente collegati alla rete dei trasporti pubblici. Nelle vicinanze \u00e8 presente una fermata dell\u2019autobus, la stazione ferroviaria<\/span><span style=\"font-weight: 400;\"> \u00e8 comodamente raggiungibile in soli<\/span><span style=\"font-weight: 400;\"> dieci minuti a piedi. Il centro storico di Lambach con i suoi <strong>numerosi bar, ristoranti, monumenti e negozi<\/strong> ti aspetta in soli otto minuti a piedi dalla nostra struttura.<\/span><\/p>\n<p><b>Come arrivare<\/b><\/p>\n<p><span style=\"font-weight: 400;\">Il comune di Lambach \u00e8 immerso in un paesaggio meraviglioso, alle porte dell\u2019idilliaca regione del Salzkammergut. Da Vienna ci si arriva in macchina tramite la A1 in due ore e mezza, da Linz ci vogliono solo 40 minuti e da Salisburgo 60. Lambach \u00e8 inoltre raggiungibile in soli 25 minuti dal polo fieristico di Wels. La stazione ferroviaria di Lambach si trova a soli 10 minuti a piedi dai nostri appartamenti.<\/span><\/p>\n<\/div><\/section><br \/>\n<div  class='togglecontainer av-jw70vh5p-a2d03602325a968967970dc8d50e567d av-minimal-toggle  avia-builder-el-49  el_after_av_textblock  el_before_av_hr  toggle_close_all' >\n<section class='av_toggle_section av-av_toggle-7f5c6b7479f0dd5855aee8ad0bd572fc'  itemscope=\"itemscope\" itemtype=\"https:\/\/schema.org\/CreativeWork\" ><div role=\"tablist\" class=\"single_toggle\" data-tags=\"{Tutto} \"  ><p id='toggle-toggle-id-1' data-fake-id='#toggle-id-1' class='toggler  av-title-above '  itemprop=\"headline\"  role='tab' tabindex='0' aria-controls='toggle-id-1' data-slide-speed=\"200\" data-title=\"Servizi nelle vicinanze\" data-title-open=\"\" data-aria_collapsed=\"Clicca per espandere: Servizi nelle vicinanze\" data-aria_expanded=\"Fare clic per chiudere: Servizi nelle vicinanze\">Servizi nelle vicinanze<span class=\"toggle_icon\"><span class=\"vert_icon\"><\/span><span class=\"hor_icon\"><\/span><\/span><\/p><div id='toggle-id-1' aria-labelledby='toggle-toggle-id-1' role='region' class='toggle_wrap  av-title-above'  ><div class='toggle_content invers-color '  itemprop=\"text\" ><p><img loading=\"lazy\" decoding=\"async\" class=\"alignnone size-full wp-image-14127\" src=\"https:\/\/www.stuwo.at\/wp-content\/uploads\/2019\/07\/Marker-Verkehr.png\" alt=\"\" width=\"36\" height=\"36\" \/><\/p>\n<ul>\n<li>BIPA Drogerie (ca. 1 km)<\/li>\n<li>Billa Lambach (ca 1,5 km)<\/li>\n<li>Spar (ca. 2km)<\/li>\n<li>Penny (ca. 2km)<\/li>\n<\/ul>\n<\/div><\/div><\/div><\/section>\n<section class='av_toggle_section av-av_toggle-f9bbb6be539e1cb1ffd490bb57f7110f'  itemscope=\"itemscope\" itemtype=\"https:\/\/schema.org\/CreativeWork\" ><div role=\"tablist\" class=\"single_toggle\" data-tags=\"{Tutto} \"  ><p id='toggle-toggle-id-2' data-fake-id='#toggle-id-2' class='toggler  av-title-above '  itemprop=\"headline\"  role='tab' tabindex='0' aria-controls='toggle-id-2' data-slide-speed=\"200\" data-title=\"Trasporto pubblico\" data-title-open=\"\" data-aria_collapsed=\"Clicca per espandere: Trasporto pubblico\" data-aria_expanded=\"Fare clic per chiudere: Trasporto pubblico\">Trasporto pubblico<span class=\"toggle_icon\"><span class=\"vert_icon\"><\/span><span class=\"hor_icon\"><\/span><\/span><\/p><div id='toggle-id-2' aria-labelledby='toggle-toggle-id-2' role='region' class='toggle_wrap  av-title-above'  ><div class='toggle_content invers-color '  itemprop=\"text\" ><p><img loading=\"lazy\" decoding=\"async\" class=\"alignnone size-full wp-image-13893\" src=\"https:\/\/www.stuwo.at\/wp-content\/uploads\/2019\/06\/Marker-Unis.png\" alt=\"\" width=\"36\" height=\"36\" \/><\/p>\n<ul>\n<li>\n<p class=\"p1\">Stazione ferroviaria di Lambach (8 minuti)<\/p>\n<\/li>\n<li>\n<p class=\"p1\">Stazione di Lambach Markt (12 minuti)<\/p>\n<\/li>\n<li>\n<p class=\"p1\">Piazza del mercato di Lambach (autobus)<\/p>\n<\/li>\n<\/ul>\n<\/div><\/div><\/div><\/section>\n<section class='av_toggle_section av-prd0jz-21f7534474e9ab5ebf461ac01e553a33'  itemscope=\"itemscope\" itemtype=\"https:\/\/schema.org\/CreativeWork\" ><div role=\"tablist\" class=\"single_toggle\" data-tags=\"{Tutto} \"  ><p id='toggle-toggle-id-3' data-fake-id='#toggle-id-3' class='toggler  av-title-above '  itemprop=\"headline\"  role='tab' tabindex='0' aria-controls='toggle-id-3' data-slide-speed=\"200\" data-title=\"Attivit\u00e0 ricreative\/escursioni\" data-title-open=\"\" data-aria_collapsed=\"Clicca per espandere: Attivit\u00e0 ricreative\/escursioni\" data-aria_expanded=\"Fare clic per chiudere: Attivit\u00e0 ricreative\/escursioni\">Attivit\u00e0 ricreative\/escursioni<span class=\"toggle_icon\"><span class=\"vert_icon\"><\/span><span class=\"hor_icon\"><\/span><\/span><\/p><div id='toggle-id-3' aria-labelledby='toggle-toggle-id-3' role='region' class='toggle_wrap  av-title-above'  ><div class='toggle_content invers-color '  itemprop=\"text\" ><p><img loading=\"lazy\" decoding=\"async\" class=\"alignnone size-full wp-image-4938\" src=\"https:\/\/www.stuwo.at\/wp-content\/uploads\/2019\/06\/Marker-Freizeit.png\" alt=\"\" width=\"36\" height=\"36\" \/><\/p>\n<ul>\n<li class=\"p1\">Monastero benedettino di Lambach<\/li>\n<li class=\"p1\">Cinema di Lambach<\/li>\n<li class=\"p1\">Centrale elettrica di Lambach<span class=\"Apple-converted-space\">\u00a0 <\/span><\/li>\n<li class=\"p1\">Museo delle genti di barca<\/li>\n<li class=\"p1\">Centro ippico a Stadl-Paura<span class=\"Apple-converted-space\">\u00a0 <\/span><\/li>\n<li class=\"p1\">Pista ciclabile romana<span class=\"Apple-converted-space\">\u00a0 <\/span><\/li>\n<li class=\"p1\">Traunradweg<span class=\"Apple-converted-space\">\u00a0 <\/span><\/li>\n<li class=\"p1\"><span class=\"Apple-converted-space\">Jakobsweg <\/span><\/li>\n<li class=\"p1\">Lago Traunsee<\/li>\n<\/ul>\n<\/div><\/div><\/div><\/section>\n<\/div><br \/>\n\n<style type=\"text\/css\" data-created_by=\"avia_inline_auto\" id=\"style-css-av-jtogly79-f9d87400776a97683a87ce82e62ecc50\">\n#top .hr.hr-invisible.av-jtogly79-f9d87400776a97683a87ce82e62ecc50{\nheight:25px;\n}\n<\/style>\n<div  class='hr av-jtogly79-f9d87400776a97683a87ce82e62ecc50 hr-invisible  avia-builder-el-50  el_after_av_toggle_container  el_before_av_masonry_gallery  avia-builder-el-last '><span class='hr-inner '><span class=\"hr-inner-style\"><\/span><\/span><\/div><br \/>\n<div id='av-masonry-2' class='av-masonry av-k540x5ul-213508134afe470c48ff043375f0d89d noHover av-fixed-size av-no-gap av-hover-overlay- av-masonry-animation-active av-masonry-col-4 av-caption-always av-caption-style- av-masonry-gallery av-small-columns-overwrite av-small-columns-2 av-mini-columns-overwrite av-mini-columns-2 ' data-post_id=\"13381\"><div class=\"av-masonry-container isotope av-js-disabled\"><div class='av-masonry-entry isotope-item av-masonry-item-no-image '><\/div><a href=\"https:\/\/www.stuwo.at\/wp-content\/uploads\/2020\/02\/SegelnamTraunsee-685x1030.jpeg\" data-srcset=\"https:\/\/www.stuwo.at\/wp-content\/uploads\/2020\/02\/SegelnamTraunsee-685x1030.jpeg 685w, https:\/\/www.stuwo.at\/wp-content\/uploads\/2020\/02\/SegelnamTraunsee-199x300.jpeg 199w, https:\/\/www.stuwo.at\/wp-content\/uploads\/2020\/02\/SegelnamTraunsee-768x1155.jpeg 768w, https:\/\/www.stuwo.at\/wp-content\/uploads\/2020\/02\/SegelnamTraunsee-997x1500.jpeg 997w, https:\/\/www.stuwo.at\/wp-content\/uploads\/2020\/02\/SegelnamTraunsee-469x705.jpeg 469w, https:\/\/www.stuwo.at\/wp-content\/uploads\/2020\/02\/SegelnamTraunsee-450x677.jpeg 450w\" data-sizes=\"(max-width: 685px) 100vw, 685px\"  aria-label=\"immagine Traunsee\"  id='av-masonry-2-item-14646' data-av-masonry-item='14646' class='av-masonry-entry isotope-item post-14646 attachment type-attachment status-inherit hentry  av-masonry-item-with-image av-grid-img' title=\"Traunsee\" alt=\"\"    itemprop=\"thumbnailUrl\" ><div class='av-inner-masonry-sizer'><\/div><figure class='av-inner-masonry main_color'><div class=\"av-masonry-outerimage-container\"><div class='av-masonry-image-container' style=\"background-image: url(https:\/\/www.stuwo.at\/wp-content\/uploads\/2020\/02\/SegelnamTraunsee-469x705.jpeg);\"  title=\"Traunsee\" ><\/div><\/div><\/figure><\/a><!--end av-masonry entry--><a href=\"https:\/\/www.stuwo.at\/wp-content\/uploads\/2020\/02\/WandernimSalzkammergut1-863x1030.jpeg\" data-srcset=\"https:\/\/www.stuwo.at\/wp-content\/uploads\/2020\/02\/WandernimSalzkammergut1-863x1030.jpeg 863w, https:\/\/www.stuwo.at\/wp-content\/uploads\/2020\/02\/WandernimSalzkammergut1-251x300.jpeg 251w, https:\/\/www.stuwo.at\/wp-content\/uploads\/2020\/02\/WandernimSalzkammergut1-768x917.jpeg 768w, https:\/\/www.stuwo.at\/wp-content\/uploads\/2020\/02\/WandernimSalzkammergut1-1256x1500.jpeg 1256w, https:\/\/www.stuwo.at\/wp-content\/uploads\/2020\/02\/WandernimSalzkammergut1-590x705.jpeg 590w, https:\/\/www.stuwo.at\/wp-content\/uploads\/2020\/02\/WandernimSalzkammergut1-450x537.jpeg 450w\" data-sizes=\"(max-width: 863px) 100vw, 863px\"  aria-label=\"immagine Salzkammergut\"  id='av-masonry-2-item-14647' data-av-masonry-item='14647' class='av-masonry-entry isotope-item post-14647 attachment type-attachment status-inherit hentry  av-masonry-item-with-image av-grid-img' title=\"Salzkammergut\" alt=\"\"    itemprop=\"thumbnailUrl\" ><div class='av-inner-masonry-sizer'><\/div><figure class='av-inner-masonry main_color'><div class=\"av-masonry-outerimage-container\"><div class='av-masonry-image-container' style=\"background-image: url(https:\/\/www.stuwo.at\/wp-content\/uploads\/2020\/02\/WandernimSalzkammergut1-590x705.jpeg);\"  title=\"Salzkammergut\" ><\/div><\/div><\/figure><\/a><!--end av-masonry entry--><a href=\"https:\/\/www.stuwo.at\/wp-content\/uploads\/2020\/02\/Badespa\u00dfamTraunsee-1030x685.jpeg\" data-srcset=\"https:\/\/www.stuwo.at\/wp-content\/uploads\/2020\/02\/Badespa\u00dfamTraunsee-1030x685.jpeg 1030w, https:\/\/www.stuwo.at\/wp-content\/uploads\/2020\/02\/Badespa\u00dfamTraunsee-300x200.jpeg 300w, https:\/\/www.stuwo.at\/wp-content\/uploads\/2020\/02\/Badespa\u00dfamTraunsee-768x511.jpeg 768w, https:\/\/www.stuwo.at\/wp-content\/uploads\/2020\/02\/Badespa\u00dfamTraunsee-1500x998.jpeg 1500w, https:\/\/www.stuwo.at\/wp-content\/uploads\/2020\/02\/Badespa\u00dfamTraunsee-705x469.jpeg 705w, https:\/\/www.stuwo.at\/wp-content\/uploads\/2020\/02\/Badespa\u00dfamTraunsee-450x299.jpeg 450w\" data-sizes=\"(max-width: 1030px) 100vw, 1030px\"  aria-label=\"immagine Traunsee\"  id='av-masonry-2-item-14649' data-av-masonry-item='14649' class='av-masonry-entry isotope-item post-14649 attachment type-attachment status-inherit hentry  av-masonry-item-with-image av-grid-img' title=\"Traunsee\" alt=\"\"    itemprop=\"thumbnailUrl\" ><div class='av-inner-masonry-sizer'><\/div><figure class='av-inner-masonry main_color'><div class=\"av-masonry-outerimage-container\"><div class='av-masonry-image-container' style=\"background-image: url(https:\/\/www.stuwo.at\/wp-content\/uploads\/2020\/02\/Badespa\u00dfamTraunsee-705x469.jpeg);\"  title=\"Traunsee\" ><\/div><\/div><\/figure><\/a><!--end av-masonry entry--><a href=\"https:\/\/www.stuwo.at\/wp-content\/uploads\/2020\/02\/WandernimSalzkammergut-1030x687.jpeg\" data-srcset=\"https:\/\/www.stuwo.at\/wp-content\/uploads\/2020\/02\/WandernimSalzkammergut-1030x687.jpeg 1030w, https:\/\/www.stuwo.at\/wp-content\/uploads\/2020\/02\/WandernimSalzkammergut-300x200.jpeg 300w, https:\/\/www.stuwo.at\/wp-content\/uploads\/2020\/02\/WandernimSalzkammergut-768x512.jpeg 768w, https:\/\/www.stuwo.at\/wp-content\/uploads\/2020\/02\/WandernimSalzkammergut-1500x1000.jpeg 1500w, https:\/\/www.stuwo.at\/wp-content\/uploads\/2020\/02\/WandernimSalzkammergut-705x470.jpeg 705w, https:\/\/www.stuwo.at\/wp-content\/uploads\/2020\/02\/WandernimSalzkammergut-450x300.jpeg 450w\" data-sizes=\"(max-width: 1030px) 100vw, 1030px\"  aria-label=\"immagine Salzkammergut\"  id='av-masonry-2-item-14648' data-av-masonry-item='14648' class='av-masonry-entry isotope-item post-14648 attachment type-attachment status-inherit hentry  av-masonry-item-with-image av-grid-img' title=\"Salzkammergut\" alt=\"\"    itemprop=\"thumbnailUrl\" ><div class='av-inner-masonry-sizer'><\/div><figure class='av-inner-masonry main_color'><div class=\"av-masonry-outerimage-container\"><div class='av-masonry-image-container' style=\"background-image: url(https:\/\/www.stuwo.at\/wp-content\/uploads\/2020\/02\/WandernimSalzkammergut-705x470.jpeg);\"  title=\"Salzkammergut\" ><\/div><\/div><\/figure><\/a><!--end av-masonry entry--><\/div><\/div><\/p><\/div>\n<\/div><\/div><\/div><div id='detailheim-tabs'  class='av-tab-section-container entry-content-wrapper main_color av-tab-no-transition   av-tab-above-content  avia-builder-el-52  el_after_av_layout_row  el_before_av_section  tab-section-not-first container_wrap sidebar_right'  ><div class='av-tab-section-outer-container av-10pqet-41e5e97d7fd5994e43720fa8e3964c55'><div class='av-tab-section-tab-title-container avia-tab-title-padding-default' role='tablist'><a href='#arredamento' data-av-tab-section-title='1' class='av-section-tab-title av-active-tab-title no-scroll av-jtkcigsw-83517180e3e51ac8ab66fe772fb49c80 av-tab-with-icon av-tab-no-image ' role='tab' tabindex='0' aria-controls='av-tab-section-1-1'><span class='av-tab-section-icon' aria-hidden='true' data-av_icon='\ue821' data-av_iconfont='entypo-fontello'><\/span><span class='av-outer-tab-title'><span class='av-inner-tab-title'>Arredamento<\/span><\/span><span class=\"av-tab-arrow-container\"><span><\/span><\/span><\/a><a href='#info' data-av-tab-section-title='2' class='av-section-tab-title  av-jtkcigsw-a603622e0c686a11fbbefbdebf5e31ef av-tab-with-icon av-tab-no-image ' role='tab' tabindex='0' aria-controls='av-tab-section-1-2'><span class='av-tab-section-icon' aria-hidden='true' data-av_icon='\ue81e' data-av_iconfont='entypo-fontello'><\/span><span class='av-outer-tab-title'><span class='av-inner-tab-title'>Info<\/span><\/span><span class=\"av-tab-arrow-container\"><span><\/span><\/span><\/a><a href='#offerta' data-av-tab-section-title='3' class='av-section-tab-title  av-jtkcigsw-d4eacaa09b24d6ac1025ccdd828f9cd2 av-tab-with-icon av-tab-no-image ' role='tab' tabindex='0' aria-controls='av-tab-section-1-3'><span class='av-tab-section-icon' aria-hidden='true' data-av_icon='\ue808' data-av_iconfont='entypo-fontello'><\/span><span class='av-outer-tab-title'><span class='av-inner-tab-title'>Offerta<\/span><\/span><span class=\"av-tab-arrow-container\"><span><\/span><\/span><\/a><a href='#360' data-av-tab-section-title='4' class='av-section-tab-title  av-k6jgzxfj-e9465e7fcb9081fe7bf07131d29c2ad0 av-tab-with-icon av-tab-no-image ' role='tab' tabindex='0' aria-controls='av-tab-section-1-4'><span class='av-tab-section-icon' aria-hidden='true' data-av_icon='\ue826' data-av_iconfont='entypo-fontello'><\/span><span class='av-outer-tab-title'><span class='av-inner-tab-title'>360\u00b0<\/span><\/span><span class=\"av-tab-arrow-container\"><span><\/span><\/span><\/a><\/div><div class='avia-slideshow-arrows av-tabsection-arrow' ><a href='#prev' class='prev-slide av_prev_tab_section av-tab-section-slide' aria-hidden='true' data-av_icon='\ue87c' data-av_iconfont='entypo-fontello'  tabindex='-1'>Prec<\/a><a href='#next' class='next-slide av_next_tab_section av-tab-section-slide' aria-hidden='true' data-av_icon='\ue87d' data-av_iconfont='entypo-fontello'  tabindex='-1'>Succ<\/a><\/div><div class='av-tab-section-inner-container avia-section-default' style='width:400vw; left:0%;'><span class=\"av_prev_tab_section av_tab_navigation\"><\/span><span class=\"av_next_tab_section av_tab_navigation\"><\/span>\n\n<style type=\"text\/css\" data-created_by=\"avia_inline_auto\" id=\"style-css-av-jtkcigsw-83517180e3e51ac8ab66fe772fb49c80\">\n.av-layout-tab.av-jtkcigsw-83517180e3e51ac8ab66fe772fb49c80{\nvertical-align:middle;\nbackground-color:#f7f7f7;\n}\n#top .av-tab-section-outer-container.av-10pqet-41e5e97d7fd5994e43720fa8e3964c55 .av-active-tab-title.av-section-tab-title.av-jtkcigsw-83517180e3e51ac8ab66fe772fb49c80 .av-tab-arrow-container span{\nbackground-color:#f7f7f7;\n}\n<\/style>\n<div id='av-tab-section-1-1' class='av-layout-tab av-jtkcigsw-83517180e3e51ac8ab66fe772fb49c80 av-animation-delay-container  avia-builder-el-53  el_before_av_tab_sub_section  avia-builder-el-first  av-active-tab-content __av_init_open ' data-av-deeplink-tabs=\"\" data-av-tab-section-content=\"1\" data-tab-section-id=\"arredamento\"><div class=\"av-layout-tab-inner\"><div class=\"container\"><p>\n<style type=\"text\/css\" data-created_by=\"avia_inline_auto\" id=\"style-css-av-kl9t1-40d513c6db2cb01726253135565663e8\">\n.flex_column.av-kl9t1-40d513c6db2cb01726253135565663e8{\nborder-radius:0px 0px 0px 0px;\npadding:0px 0px 0px 0px;\n}\n<\/style>\n<div  class='flex_column av-kl9t1-40d513c6db2cb01726253135565663e8 av_one_half  avia-builder-el-54  el_before_av_one_fourth  avia-builder-el-first  first flex_column_div av-zero-column-padding  '     ><p>\n<style type=\"text\/css\" data-created_by=\"avia_inline_auto\" id=\"style-css-av-av_heading-79d73d68d0f79145434ccfd4f1a1e1ca\">\n#top .av-special-heading.av-av_heading-79d73d68d0f79145434ccfd4f1a1e1ca{\npadding-bottom:10px;\n}\nbody .av-special-heading.av-av_heading-79d73d68d0f79145434ccfd4f1a1e1ca .av-special-heading-tag .heading-char{\nfont-size:25px;\n}\n.av-special-heading.av-av_heading-79d73d68d0f79145434ccfd4f1a1e1ca .av-subheading{\nfont-size:15px;\n}\n<\/style>\n<div  class='av-special-heading av-av_heading-79d73d68d0f79145434ccfd4f1a1e1ca av-special-heading-h2 blockquote modern-quote  avia-builder-el-55  el_before_av_textblock  avia-builder-el-first '><h2 class='av-special-heading-tag '  itemprop=\"headline\"  >Arredamento<\/h2><div class=\"special-heading-border\"><div class=\"special-heading-inner-border\"><\/div><\/div><\/div><br \/>\n<section  class='av_textblock_section av-dloph-395a6d28e3d2f9c6d22cd63b55d88ae6 '   itemscope=\"itemscope\" itemtype=\"https:\/\/schema.org\/CreativeWork\" ><div class='avia_textblock'  itemprop=\"text\" ><p><span style=\"font-weight: 400;\">I nostri appartamenti sono <strong>completamente arredati<\/strong>, hanno una superficie di 65 m<\/span><span style=\"font-weight: 400;\">2<\/span><span style=\"font-weight: 400;\"> e dispongono di due camere separate, utilizzabili come soggiorno o camera da letto. Possono ospitare fino a sei persone. Sono presenti un ampio ingresso con <strong>cucina<\/strong> <strong>integrata<\/strong>, un bagno con doccia e WC.<\/span><\/p>\n<p><span style=\"font-weight: 400;\">Nei nostri appartamenti per le vacanze sono disponibili molti <strong>extra gratuiti<\/strong>, tra cui internet illimitato e velocissimo, TV satellitare, sauna e palestra.<\/span><\/p>\n<\/div><\/section><\/p><\/div>\n<style type=\"text\/css\" data-created_by=\"avia_inline_auto\" id=\"style-css-av-1y3ma9w-2bd5ec2f764788503e51f19c2a83b3f2\">\n.flex_column.av-1y3ma9w-2bd5ec2f764788503e51f19c2a83b3f2{\nborder-radius:0px 0px 0px 0px;\npadding:0px 0px 0px 0px;\n}\n<\/style>\n<div  class='flex_column av-1y3ma9w-2bd5ec2f764788503e51f19c2a83b3f2 av_one_fourth  avia-builder-el-57  el_after_av_one_half  el_before_av_one_fourth  flex_column_div av-zero-column-padding  '     ><section  class='av_textblock_section av-dloph-395a6d28e3d2f9c6d22cd63b55d88ae6 '   itemscope=\"itemscope\" itemtype=\"https:\/\/schema.org\/CreativeWork\" ><div class='avia_textblock'  itemprop=\"text\" ><p><span style=\"font-weight: 400;\">Arredamento delle camere<\/span><\/p>\n<ul>\n<li style=\"font-weight: 400;\"><span style=\"font-weight: 400;\">A scelta: letto singolo o matrimoniale<\/span><\/li>\n<li style=\"font-weight: 400;\"><span style=\"font-weight: 400;\">Comodino<\/span><\/li>\n<li style=\"font-weight: 400;\"><span style=\"font-weight: 400;\">Armadio<\/span><\/li>\n<li style=\"font-weight: 400;\"><span style=\"font-weight: 400;\">Libreria<\/span><\/li>\n<li style=\"font-weight: 400;\"><span style=\"font-weight: 400;\">Mobile con cassetti<\/span><\/li>\n<li style=\"font-weight: 400;\"><span style=\"font-weight: 400;\">Scrivania e sedia girevole<\/span><\/li>\n<\/ul>\n<\/div><\/section><\/div>\n<style type=\"text\/css\" data-created_by=\"avia_inline_auto\" id=\"style-css-av-1pl26w4-f20141d68a3b7ee426d6d552493058f3\">\n.flex_column.av-1pl26w4-f20141d68a3b7ee426d6d552493058f3{\nborder-radius:0px 0px 0px 0px;\npadding:0px 0px 0px 0px;\n}\n<\/style>\n<div  class='flex_column av-1pl26w4-f20141d68a3b7ee426d6d552493058f3 av_one_fourth  avia-builder-el-59  el_after_av_one_fourth  el_before_av_one_full  flex_column_div av-zero-column-padding  '     ><section  class='av_textblock_section av-dloph-703ee5160df30cc1e3c01a9e58f823db '   itemscope=\"itemscope\" itemtype=\"https:\/\/schema.org\/CreativeWork\" ><div class='avia_textblock'  itemprop=\"text\" ><p><span style=\"font-weight: 400;\">Arredamento della cucina:<\/span><\/p>\n<ul>\n<li style=\"font-weight: 400;\"><span style=\"font-weight: 400;\">Piano cottura<\/span><\/li>\n<li style=\"font-weight: 400;\"><span style=\"font-weight: 400;\">Cappa di ventilazione<\/span><\/li>\n<li style=\"font-weight: 400;\"><span style=\"font-weight: 400;\">Forno microonde<\/span><\/li>\n<li style=\"font-weight: 400;\"><span style=\"font-weight: 400;\">Frigorifero e lavandino<\/span><\/li>\n<li style=\"font-weight: 400;\"><span style=\"font-weight: 400;\">Stoviglie e utensili da cucina<\/span><\/li>\n<\/ul>\n<\/div><\/section><\/div>\n<style type=\"text\/css\" data-created_by=\"avia_inline_auto\" id=\"style-css-av-kl9t1-40d513c6db2cb01726253135565663e8\">\n.flex_column.av-kl9t1-40d513c6db2cb01726253135565663e8{\nborder-radius:0px 0px 0px 0px;\npadding:0px 0px 0px 0px;\n}\n<\/style>\n<div  class='flex_column av-kl9t1-40d513c6db2cb01726253135565663e8 av_one_full  avia-builder-el-61  el_after_av_one_fourth  avia-builder-el-last  first flex_column_div av-zero-column-padding  column-top-margin'     ><div id='av-masonry-3' class='av-masonry av-k540x5ul-ee74fd7eba02130173245872f35e9302 noHover av-fixed-size av-no-gap av-hover-overlay- av-masonry-animation-active av-masonry-col-4 av-caption-always av-caption-style- av-masonry-gallery av-small-columns-overwrite av-small-columns-2 av-mini-columns-overwrite av-mini-columns-2 ' data-post_id=\"13381\"><div class=\"av-masonry-container isotope av-js-disabled\"><div class='av-masonry-entry isotope-item av-masonry-item-no-image '><\/div><a href=\"https:\/\/www.stuwo.at\/wp-content\/uploads\/2020\/02\/KitenamTraunsee-1030x685.jpeg\" data-srcset=\"https:\/\/www.stuwo.at\/wp-content\/uploads\/2020\/02\/KitenamTraunsee-1030x685.jpeg 1030w, https:\/\/www.stuwo.at\/wp-content\/uploads\/2020\/02\/KitenamTraunsee-300x200.jpeg 300w, https:\/\/www.stuwo.at\/wp-content\/uploads\/2020\/02\/KitenamTraunsee-768x511.jpeg 768w, https:\/\/www.stuwo.at\/wp-content\/uploads\/2020\/02\/KitenamTraunsee-1500x998.jpeg 1500w, https:\/\/www.stuwo.at\/wp-content\/uploads\/2020\/02\/KitenamTraunsee-705x469.jpeg 705w, https:\/\/www.stuwo.at\/wp-content\/uploads\/2020\/02\/KitenamTraunsee-450x299.jpeg 450w\" data-sizes=\"(max-width: 1030px) 100vw, 1030px\"  aria-label=\"immagine Traunsee\"  id='av-masonry-3-item-14653' data-av-masonry-item='14653' class='av-masonry-entry isotope-item post-14653 attachment type-attachment status-inherit hentry  av-masonry-item-with-image av-grid-img' title=\"Traunsee\" alt=\"\"    itemprop=\"thumbnailUrl\" ><div class='av-inner-masonry-sizer'><\/div><figure class='av-inner-masonry main_color'><div class=\"av-masonry-outerimage-container\"><div class='av-masonry-image-container' style=\"background-image: url(https:\/\/www.stuwo.at\/wp-content\/uploads\/2020\/02\/KitenamTraunsee-705x469.jpeg);\"  title=\"Traunsee\" ><\/div><\/div><\/figure><\/a><!--end av-masonry entry--><a href=\"https:\/\/www.stuwo.at\/wp-content\/uploads\/2020\/02\/R\u00f6merradweg_2-1030x685.jpeg\" data-srcset=\"https:\/\/www.stuwo.at\/wp-content\/uploads\/2020\/02\/R\u00f6merradweg_2-1030x685.jpeg 1030w, https:\/\/www.stuwo.at\/wp-content\/uploads\/2020\/02\/R\u00f6merradweg_2-300x200.jpeg 300w, https:\/\/www.stuwo.at\/wp-content\/uploads\/2020\/02\/R\u00f6merradweg_2-768x511.jpeg 768w, https:\/\/www.stuwo.at\/wp-content\/uploads\/2020\/02\/R\u00f6merradweg_2-1500x998.jpeg 1500w, https:\/\/www.stuwo.at\/wp-content\/uploads\/2020\/02\/R\u00f6merradweg_2-705x469.jpeg 705w, https:\/\/www.stuwo.at\/wp-content\/uploads\/2020\/02\/R\u00f6merradweg_2-450x299.jpeg 450w\" data-sizes=\"(max-width: 1030px) 100vw, 1030px\"  aria-label=\"immagine R\u00f6merradweg\"  id='av-masonry-3-item-14654' data-av-masonry-item='14654' class='av-masonry-entry isotope-item post-14654 attachment type-attachment status-inherit hentry  av-masonry-item-with-image av-grid-img' title=\"R\u00f6merradweg\" alt=\"\"    itemprop=\"thumbnailUrl\" ><div class='av-inner-masonry-sizer'><\/div><figure class='av-inner-masonry main_color'><div class=\"av-masonry-outerimage-container\"><div class='av-masonry-image-container' style=\"background-image: url(https:\/\/www.stuwo.at\/wp-content\/uploads\/2020\/02\/R\u00f6merradweg_2-705x469.jpeg);\"  title=\"R\u00f6merradweg\" ><\/div><\/div><\/figure><\/a><!--end av-masonry entry--><a href=\"https:\/\/www.stuwo.at\/wp-content\/uploads\/2020\/02\/BlickaufTraunseemitTraunstein-1030x849.jpeg\" data-srcset=\"https:\/\/www.stuwo.at\/wp-content\/uploads\/2020\/02\/BlickaufTraunseemitTraunstein-1030x849.jpeg 1030w, https:\/\/www.stuwo.at\/wp-content\/uploads\/2020\/02\/BlickaufTraunseemitTraunstein-300x247.jpeg 300w, https:\/\/www.stuwo.at\/wp-content\/uploads\/2020\/02\/BlickaufTraunseemitTraunstein-768x633.jpeg 768w, https:\/\/www.stuwo.at\/wp-content\/uploads\/2020\/02\/BlickaufTraunseemitTraunstein-1500x1236.jpeg 1500w, https:\/\/www.stuwo.at\/wp-content\/uploads\/2020\/02\/BlickaufTraunseemitTraunstein-705x581.jpeg 705w, https:\/\/www.stuwo.at\/wp-content\/uploads\/2020\/02\/BlickaufTraunseemitTraunstein-450x371.jpeg 450w\" data-sizes=\"(max-width: 1030px) 100vw, 1030px\"  aria-label=\"immagine Traunsee und Traunstein\"  id='av-masonry-3-item-14651' data-av-masonry-item='14651' class='av-masonry-entry isotope-item post-14651 attachment type-attachment status-inherit hentry  av-masonry-item-with-image av-grid-img' title=\"Traunsee und Traunstein\" alt=\"\"    itemprop=\"thumbnailUrl\" ><div class='av-inner-masonry-sizer'><\/div><figure class='av-inner-masonry main_color'><div class=\"av-masonry-outerimage-container\"><div class='av-masonry-image-container' style=\"background-image: url(https:\/\/www.stuwo.at\/wp-content\/uploads\/2020\/02\/BlickaufTraunseemitTraunstein-705x581.jpeg);\"  title=\"Traunsee und Traunstein\" ><\/div><\/div><\/figure><\/a><!--end av-masonry entry--><a href=\"https:\/\/www.stuwo.at\/wp-content\/uploads\/2020\/02\/R\u00f6merradweg-1030x685.jpeg\" data-srcset=\"https:\/\/www.stuwo.at\/wp-content\/uploads\/2020\/02\/R\u00f6merradweg-1030x685.jpeg 1030w, https:\/\/www.stuwo.at\/wp-content\/uploads\/2020\/02\/R\u00f6merradweg-300x200.jpeg 300w, https:\/\/www.stuwo.at\/wp-content\/uploads\/2020\/02\/R\u00f6merradweg-768x511.jpeg 768w, https:\/\/www.stuwo.at\/wp-content\/uploads\/2020\/02\/R\u00f6merradweg-1500x998.jpeg 1500w, https:\/\/www.stuwo.at\/wp-content\/uploads\/2020\/02\/R\u00f6merradweg-705x469.jpeg 705w, https:\/\/www.stuwo.at\/wp-content\/uploads\/2020\/02\/R\u00f6merradweg-450x299.jpeg 450w\" data-sizes=\"(max-width: 1030px) 100vw, 1030px\"  aria-label=\"immagine R\u00f6merradweg\"  id='av-masonry-3-item-14655' data-av-masonry-item='14655' class='av-masonry-entry isotope-item post-14655 attachment type-attachment status-inherit hentry  av-masonry-item-with-image av-grid-img' title=\"R\u00f6merradweg\" alt=\"\"    itemprop=\"thumbnailUrl\" ><div class='av-inner-masonry-sizer'><\/div><figure class='av-inner-masonry main_color'><div class=\"av-masonry-outerimage-container\"><div class='av-masonry-image-container' style=\"background-image: url(https:\/\/www.stuwo.at\/wp-content\/uploads\/2020\/02\/R\u00f6merradweg-705x469.jpeg);\"  title=\"R\u00f6merradweg\" ><\/div><\/div><\/figure><\/a><!--end av-masonry entry--><\/div><\/div><\/div><\/p>\n<\/div><\/div><\/div>\n<style type=\"text\/css\" data-created_by=\"avia_inline_auto\" id=\"style-css-av-jtkcigsw-a603622e0c686a11fbbefbdebf5e31ef\">\n.av-layout-tab.av-jtkcigsw-a603622e0c686a11fbbefbdebf5e31ef{\nvertical-align:middle;\nbackground-color:#f7f7f7;\n}\n#top .av-tab-section-outer-container.av-10pqet-41e5e97d7fd5994e43720fa8e3964c55 .av-active-tab-title.av-section-tab-title.av-jtkcigsw-a603622e0c686a11fbbefbdebf5e31ef .av-tab-arrow-container span{\nbackground-color:#f7f7f7;\n}\n<\/style>\n<div id='av-tab-section-1-2' class='av-layout-tab av-jtkcigsw-a603622e0c686a11fbbefbdebf5e31ef av-animation-delay-container  avia-builder-el-63  el_after_av_tab_sub_section  el_before_av_tab_sub_section  ' data-av-deeplink-tabs=\"\" data-av-tab-section-content=\"2\" data-tab-section-id=\"info\"><div class=\"av-layout-tab-inner\"><div class=\"container\"><p>\n<style type=\"text\/css\" data-created_by=\"avia_inline_auto\" id=\"style-css-av-mo5qj5-005eb169acab3f9d4bee18287775a798\">\n.flex_column.av-mo5qj5-005eb169acab3f9d4bee18287775a798{\nborder-radius:0px 0px 0px 0px;\npadding:0px 0px 0px 0px;\n}\n<\/style>\n<div  class='flex_column av-mo5qj5-005eb169acab3f9d4bee18287775a798 av_one_full  avia-builder-el-64  el_before_av_one_fourth  avia-builder-el-first  first flex_column_div av-zero-column-padding  '     ><p>\n<style type=\"text\/css\" data-created_by=\"avia_inline_auto\" id=\"style-css-av-av_heading-a42b9d9161530d9e9bd64fcaa706d7b9\">\n#top .av-special-heading.av-av_heading-a42b9d9161530d9e9bd64fcaa706d7b9{\npadding-bottom:10px;\n}\nbody .av-special-heading.av-av_heading-a42b9d9161530d9e9bd64fcaa706d7b9 .av-special-heading-tag .heading-char{\nfont-size:25px;\n}\n.av-special-heading.av-av_heading-a42b9d9161530d9e9bd64fcaa706d7b9 .av-subheading{\nfont-size:15px;\n}\n<\/style>\n<div  class='av-special-heading av-av_heading-a42b9d9161530d9e9bd64fcaa706d7b9 av-special-heading-h2 blockquote modern-quote  avia-builder-el-65  el_before_av_textblock  avia-builder-el-first '><h2 class='av-special-heading-tag '  itemprop=\"headline\"  >Informazioni sull\u2019edificio<\/h2><div class=\"special-heading-border\"><div class=\"special-heading-inner-border\"><\/div><\/div><\/div><br \/>\n<section  class='av_textblock_section av-dloph-703ee5160df30cc1e3c01a9e58f823db '   itemscope=\"itemscope\" itemtype=\"https:\/\/schema.org\/CreativeWork\" ><div class='avia_textblock'  itemprop=\"text\" ><p><span style=\"font-weight: 400;\">Informazioni utili per il tuo soggiorno nei nostri appartamenti per le vacanze:<\/span><\/p>\n<p><span style=\"font-weight: 400;\">Si prega di notare che nei nostri appartamenti per le vacanze \u00e8 vietato fumare. Purtroppo non sono ammessi animali domestici.<\/span><\/p>\n<\/div><\/section><\/p><\/div>\n<style type=\"text\/css\" data-created_by=\"avia_inline_auto\" id=\"style-css-av-kl9t1-40d513c6db2cb01726253135565663e8\">\n.flex_column.av-kl9t1-40d513c6db2cb01726253135565663e8{\nborder-radius:0px 0px 0px 0px;\npadding:0px 0px 0px 0px;\n}\n<\/style>\n<div  class='flex_column av-kl9t1-40d513c6db2cb01726253135565663e8 av_one_fourth  avia-builder-el-67  el_after_av_one_full  el_before_av_one_fourth  first flex_column_div av-zero-column-padding  column-top-margin'     ><section  class='av_textblock_section av-dloph-395a6d28e3d2f9c6d22cd63b55d88ae6 '   itemscope=\"itemscope\" itemtype=\"https:\/\/schema.org\/CreativeWork\" ><div class='avia_textblock'  itemprop=\"text\" ><p><span style=\"font-weight: 400;\">Arrivo:<\/span><\/p>\n<ul>\n<li><span style=\"font-weight: 400;\">su appuntamento<\/span><\/li>\n<\/ul>\n<p><span style=\"font-weight: 400;\">Partenza:<\/span><\/p>\n<ul>\n<li><span style=\"font-weight: 400;\">su appuntamento<\/span><\/li>\n<\/ul>\n<\/div><\/section><\/div>\n<style type=\"text\/css\" data-created_by=\"avia_inline_auto\" id=\"style-css-av-kl9t1-2da0e1246fef321ff0f122a0eb04f3de\">\n.flex_column.av-kl9t1-2da0e1246fef321ff0f122a0eb04f3de{\nborder-radius:0px 0px 0px 0px;\npadding:0px 0px 0px 0px;\n}\n<\/style>\n<div  class='flex_column av-kl9t1-2da0e1246fef321ff0f122a0eb04f3de av_one_fourth  avia-builder-el-69  el_after_av_one_fourth  el_before_av_one_half  flex_column_div av-zero-column-padding  column-top-margin'     ><section  class='av_textblock_section av-dloph-395a6d28e3d2f9c6d22cd63b55d88ae6 '   itemscope=\"itemscope\" itemtype=\"https:\/\/schema.org\/CreativeWork\" ><div class='avia_textblock'  itemprop=\"text\" ><p><span style=\"font-weight: 400;\">Soggiorno:<\/span><\/p>\n<ul>\n<li><span style=\"font-weight: 400;\">minimo 2 notti<\/span><\/li>\n<li><span style=\"font-weight: 400;\">Affitti estivi dal primo luglio al 10 settembre<\/span><\/li>\n<\/ul>\n<\/div><\/section><\/div>\n<style type=\"text\/css\" data-created_by=\"avia_inline_auto\" id=\"style-css-av-6wsn1-47e2a60089d0fac4e5668cffb3bc1d7d\">\n.flex_column.av-6wsn1-47e2a60089d0fac4e5668cffb3bc1d7d{\nborder-radius:0px 0px 0px 0px;\npadding:0px 0px 0px 0px;\n}\n<\/style>\n<div  class='flex_column av-6wsn1-47e2a60089d0fac4e5668cffb3bc1d7d av_one_half  avia-builder-el-71  el_after_av_one_fourth  avia-builder-el-last  flex_column_div av-zero-column-padding  column-top-margin'     ><div  class='avia-slideshow av-k56gt3uf-8556eb22933d71ad87e6050731084d67 avia-slideshow-large av_slideshow avia-slide-slider  avia-builder-el-72  avia-builder-el-no-sibling  av-slideshow-ui av-control-default av-slideshow-manual av-loop-once av-loop-manual-endless av-default-height-applied avia-slideshow-2' data-slideshow-options=\"{&quot;animation&quot;:&quot;slide&quot;,&quot;autoplay&quot;:false,&quot;loop_autoplay&quot;:&quot;once&quot;,&quot;interval&quot;:5,&quot;loop_manual&quot;:&quot;manual-endless&quot;,&quot;autoplay_stopper&quot;:false,&quot;noNavigation&quot;:false,&quot;bg_slider&quot;:false,&quot;keep_padding&quot;:false,&quot;hoverpause&quot;:false,&quot;show_slide_delay&quot;:0}\"  itemprop=\"image\" itemscope=\"itemscope\" itemtype=\"https:\/\/schema.org\/ImageObject\" ><ul class='avia-slideshow-inner ' style='padding-bottom: 74.9514563107%;'><li  class='avia-slideshow-slide av-k56gt3uf-8556eb22933d71ad87e6050731084d67__0  av-single-slide slide-1 slide-odd'><div data-rel='slideshow-2' class='avia-slide-wrap '   ><img decoding=\"async\" fetchpriority=\"high\" class=\"wp-image-14296 avia-img-lazy-loading-not-14296\"  src=\"https:\/\/www.stuwo.at\/wp-content\/uploads\/2019\/07\/H17_Au\u00dfenansicht_9-1030x772.jpg\" width=\"1030\" height=\"772\" title='STUWO Lambach, Au\u00dfenansicht' alt='Wei\u00dfes mehrst\u00f6ckiges Geb\u00e4ude vor bewaldetem H\u00fcgel und blauem Himmel'  itemprop=\"thumbnailUrl\" srcset=\"https:\/\/www.stuwo.at\/wp-content\/uploads\/2019\/07\/H17_Au\u00dfenansicht_9-1030x772.jpg 1030w, https:\/\/www.stuwo.at\/wp-content\/uploads\/2019\/07\/H17_Au\u00dfenansicht_9-300x225.jpg 300w, https:\/\/www.stuwo.at\/wp-content\/uploads\/2019\/07\/H17_Au\u00dfenansicht_9-768x576.jpg 768w, https:\/\/www.stuwo.at\/wp-content\/uploads\/2019\/07\/H17_Au\u00dfenansicht_9-1500x1125.jpg 1500w, https:\/\/www.stuwo.at\/wp-content\/uploads\/2019\/07\/H17_Au\u00dfenansicht_9-705x529.jpg 705w, https:\/\/www.stuwo.at\/wp-content\/uploads\/2019\/07\/H17_Au\u00dfenansicht_9-450x337.jpg 450w\" sizes=\"(max-width: 1030px) 100vw, 1030px\" \/><\/div><\/li><\/ul><\/div><\/div><\/p>\n<\/div><\/div><\/div>\n<style type=\"text\/css\" data-created_by=\"avia_inline_auto\" id=\"style-css-av-jtkcigsw-d4eacaa09b24d6ac1025ccdd828f9cd2\">\n.av-layout-tab.av-jtkcigsw-d4eacaa09b24d6ac1025ccdd828f9cd2{\nvertical-align:middle;\nbackground-color:#f7f7f7;\n}\n#top .av-tab-section-outer-container.av-10pqet-41e5e97d7fd5994e43720fa8e3964c55 .av-active-tab-title.av-section-tab-title.av-jtkcigsw-d4eacaa09b24d6ac1025ccdd828f9cd2 .av-tab-arrow-container span{\nbackground-color:#f7f7f7;\n}\n<\/style>\n<div id='av-tab-section-1-3' class='av-layout-tab av-jtkcigsw-d4eacaa09b24d6ac1025ccdd828f9cd2 av-animation-delay-container  avia-builder-el-73  el_after_av_tab_sub_section  el_before_av_tab_sub_section  ' data-av-deeplink-tabs=\"\" data-av-tab-section-content=\"3\" data-tab-section-id=\"offerta\"><div class=\"av-layout-tab-inner\"><div class=\"container\"><p>\n<style type=\"text\/css\" data-created_by=\"avia_inline_auto\" id=\"style-css-av-1r11fl-8d7f69c7b75bcd79690f162db3379b49\">\n.flex_column.av-1r11fl-8d7f69c7b75bcd79690f162db3379b49{\nborder-radius:0px 0px 0px 0px;\npadding:0px 0px 0px 0px;\n}\n<\/style>\n<div  class='flex_column av-1r11fl-8d7f69c7b75bcd79690f162db3379b49 av_one_full  avia-builder-el-74  el_before_av_table  avia-builder-el-first  first flex_column_div av-zero-column-padding  '     ><p>\n<style type=\"text\/css\" data-created_by=\"avia_inline_auto\" id=\"style-css-av-av_heading-9a04e58081ac904ce2ea15d5060111de\">\n#top .av-special-heading.av-av_heading-9a04e58081ac904ce2ea15d5060111de{\npadding-bottom:10px;\n}\nbody .av-special-heading.av-av_heading-9a04e58081ac904ce2ea15d5060111de .av-special-heading-tag .heading-char{\nfont-size:25px;\n}\n.av-special-heading.av-av_heading-9a04e58081ac904ce2ea15d5060111de .av-subheading{\nfont-size:15px;\n}\n<\/style>\n<div  class='av-special-heading av-av_heading-9a04e58081ac904ce2ea15d5060111de av-special-heading-h2 blockquote modern-quote  avia-builder-el-75  el_before_av_textblock  avia-builder-el-first '><h2 class='av-special-heading-tag '  itemprop=\"headline\"  >I nostri prezzi in breve<\/h2><div class=\"special-heading-border\"><div class=\"special-heading-inner-border\"><\/div><\/div><\/div><br \/>\n<section  class='av_textblock_section av-dloph-703ee5160df30cc1e3c01a9e58f823db '   itemscope=\"itemscope\" itemtype=\"https:\/\/schema.org\/CreativeWork\" ><div class='avia_textblock'  itemprop=\"text\" ><div class=\"page\" title=\"Page 2\">\n<div class=\"section\">\n<div class=\"layoutArea\">\n<div class=\"column\">\n<p>Siamo lieti che siate interessati ai nostri appartamenti vacanze STUWO a Lambach! Qui sotto troverete la nostra tabella dei prezzi per l&#8217;affitto estivo con costi aggiuntivi per la lavanderia e la tassa di soggiorno.<\/p>\n<\/div>\n<\/div>\n<\/div>\n<\/div>\n<\/div><\/section><br \/>\n\n<style type=\"text\/css\" data-created_by=\"avia_inline_auto\" id=\"style-css-av-67ddri-aae21a66c514062901254911a0033e30\">\n#top .hr.hr-invisible.av-67ddri-aae21a66c514062901254911a0033e30{\nheight:25px;\n}\n<\/style>\n<div  class='hr av-67ddri-aae21a66c514062901254911a0033e30 hr-invisible  avia-builder-el-77  el_after_av_textblock  avia-builder-el-last '><span class='hr-inner '><span class=\"hr-inner-style\"><\/span><\/span><\/div><\/p><\/div><div  class='avia-table av-47afiae-6c51e085bf10ee0b1d670d6d41aabcc2 main_color avia-pricing-table-container avia_pricing_default  avia-builder-el-78  el_after_av_one_full  el_before_av_hr  avia-table-1'  itemscope=\"itemscope\" itemtype=\"https:\/\/schema.org\/Table\" ><div class=\"pricing-table-wrap\"><ul class='pricing-table '><li class='avia-heading-row empty-table-cell'><div class='first-table-item'><span class='fallback-table-val'><\/p>\n<div class=\"page\" title=\"Page 2\">\n<div class=\"section\">\n<div class=\"layoutArea\">\n<div class=\"column\">\n<p>Appartamento per 1-6 persone<\/p>\n<\/div>\n<\/div>\n<\/div>\n<\/div>\n<p><\/span><\/div><span class='pricing-extra'><\/span><\/li><li class='avia-pricing-row empty-table-cell'><span class='fallback-table-val'>30 \u20ac<br \/>\n<small>a testa<\/small><\/span><\/li><li class=' empty-table-cell'><span class='fallback-table-val'>65 m\u00b2<\/span><\/li><li class=' empty-table-cell'><span class='fallback-table-val'><\/p>\n<div class=\"page\" title=\"Page 2\">\n<div class=\"section\">\n<div class=\"layoutArea\">\n<div class=\"column\">\n<p>Appartamento con 3 camere per 1-6 persone<\/p>\n<\/div>\n<\/div>\n<\/div>\n<\/div>\n<p><\/span><\/li><li class='avia-button-row empty-table-cell'><span class='fallback-table-val'><div  class='avia-button-wrap av-k70jgtif-485b967d18bffd5aa68792c4c3b0be74-wrap avia-button-center  avia-builder-el-79  avia-builder-el-no-sibling '><a href='\/?page_id=11396&amp;fewo=FEWO-Lambach'  class='avia-button av-k70jgtif-485b967d18bffd5aa68792c4c3b0be74 av-link-btn avia-icon_select-no avia-size-small avia-position-center avia-color-theme-color'   aria-label=\"Prenota ora\"><span class='avia_iconbox_title' >Prenota ora<\/span><\/a><\/div><br \/><\/span><\/li><\/ul><\/div><div class=\"pricing-table-wrap\"><ul class='pricing-table avia-highlight-col'><li class='avia-heading-row'><div class='first-table-item'><\/p>\n<div class=\"page\" title=\"Page 2\">\n<div class=\"section\">\n<div class=\"layoutArea\">\n<div class=\"column\">\n<p>Appartamento per 1-6 persone<\/p>\n<\/div>\n<\/div>\n<\/div>\n<\/div>\n<p><\/div><span class='pricing-extra'><\/span><\/li><li class='avia-pricing-row'>30 <span class=\"currency-symbol\">\u20ac<\/span><br \/>\n<small>a testa<\/small><\/li><li class=''>65 m\u00b2<\/li><li class=''><\/p>\n<div class=\"page\" title=\"Page 2\">\n<div class=\"section\">\n<div class=\"layoutArea\">\n<div class=\"column\">\n<p>Appartamento con 3 camere per 1-6 persone<\/p>\n<\/div>\n<\/div>\n<\/div>\n<\/div>\n<p><\/li><li class='avia-button-row'><div  class='avia-button-wrap av-k70jgtif-485b967d18bffd5aa68792c4c3b0be74-wrap avia-button-center  avia-builder-el-79  avia-builder-el-no-sibling '><a href='\/?page_id=11396&amp;fewo=FEWO-Lambach'  class='avia-button av-k70jgtif-485b967d18bffd5aa68792c4c3b0be74 av-link-btn avia-icon_select-no avia-size-small avia-position-center avia-color-theme-color'   aria-label=\"Prenota ora\"><span class='avia_iconbox_title' >Prenota ora<\/span><\/a><\/div><br \/><\/li><\/ul><\/div><div class=\"pricing-table-wrap\"><ul class='pricing-table '><li class='avia-heading-row empty-table-cell'><div class='first-table-item'><span class='fallback-table-val'><\/p>\n<div class=\"page\" title=\"Page 2\">\n<div class=\"section\">\n<div class=\"layoutArea\">\n<div class=\"column\">\n<p>Appartamento per 1-6 persone<\/p>\n<\/div>\n<\/div>\n<\/div>\n<\/div>\n<p><\/span><\/div><span class='pricing-extra'><\/span><\/li><li class='avia-pricing-row empty-table-cell'><span class='fallback-table-val'>30 \u20ac<br \/>\n<small>a testa<\/small><\/span><\/li><li class=' empty-table-cell'><span class='fallback-table-val'>65 m\u00b2<\/span><\/li><li class=' empty-table-cell'><span class='fallback-table-val'><\/p>\n<div class=\"page\" title=\"Page 2\">\n<div class=\"section\">\n<div class=\"layoutArea\">\n<div class=\"column\">\n<p>Appartamento con 3 camere per 1-6 persone<\/p>\n<\/div>\n<\/div>\n<\/div>\n<\/div>\n<p><\/span><\/li><li class='avia-button-row empty-table-cell'><span class='fallback-table-val'><div  class='avia-button-wrap av-k70jgtif-485b967d18bffd5aa68792c4c3b0be74-wrap avia-button-center  avia-builder-el-79  avia-builder-el-no-sibling '><a href='\/?page_id=11396&amp;fewo=FEWO-Lambach'  class='avia-button av-k70jgtif-485b967d18bffd5aa68792c4c3b0be74 av-link-btn avia-icon_select-no avia-size-small avia-position-center avia-color-theme-color'   aria-label=\"Prenota ora\"><span class='avia_iconbox_title' >Prenota ora<\/span><\/a><\/div><br \/><\/span><\/li><\/ul><\/div><\/div><br \/>\n\n<style type=\"text\/css\" data-created_by=\"avia_inline_auto\" id=\"style-css-av-67ddri-aae21a66c514062901254911a0033e30\">\n#top .hr.hr-invisible.av-67ddri-aae21a66c514062901254911a0033e30{\nheight:25px;\n}\n<\/style>\n<div  class='hr av-67ddri-aae21a66c514062901254911a0033e30 hr-invisible  avia-builder-el-80  el_after_av_table  el_before_av_toggle_container '><span class='hr-inner '><span class=\"hr-inner-style\"><\/span><\/span><\/div><br \/>\n<div  class='togglecontainer av-jtn8gc71-a6dbd7ce3b4afa4b5b760a5333c6a435  avia-builder-el-81  el_after_av_hr  el_before_av_hr  toggle_close_all' >\n<section class='av_toggle_section av-oksisv-8851b8983683d177d6e43ecfd5394301'  itemscope=\"itemscope\" itemtype=\"https:\/\/schema.org\/CreativeWork\" ><div role=\"tablist\" class=\"single_toggle\" data-tags=\"{Tutto} \"  ><p id='toggle-toggle-id-4' data-fake-id='#toggle-id-4' class='toggler  av-title-above '  itemprop=\"headline\"  role='tab' tabindex='0' aria-controls='toggle-id-4' data-slide-speed=\"200\" data-title=\"Informazioni importanti\" data-title-open=\"\" data-aria_collapsed=\"Clicca per espandere: Informazioni importanti\" data-aria_expanded=\"Fare clic per chiudere: Informazioni importanti\">Informazioni importanti<span class=\"toggle_icon\"><span class=\"vert_icon\"><\/span><span class=\"hor_icon\"><\/span><\/span><\/p><div id='toggle-id-4' aria-labelledby='toggle-toggle-id-4' role='region' class='toggle_wrap  av-title-above'  ><div class='toggle_content invers-color '  itemprop=\"text\" ><ul>\n<li><span style=\"font-weight: 400;\">Cauzione: \u20ac 100,00 ad appartamento<\/span><\/li>\n<li><span style=\"font-weight: 400;\">Forfait per le pulizie finali: \u20ac 60,00 ad appartamento<\/span><\/li>\n<li><span style=\"font-weight: 400;\">Servizio biancheria: \u20ac 20,00 a persona a settimana<\/span><\/li>\n<li><span style=\"font-weight: 400;\">Tassa di soggiorno: \u20ac 2,00 a persona a notte<\/span><\/li>\n<\/ul>\n<p><span style=\"font-weight: 400;\">Soggiorno gratuito per i bambini fino a 6 anni<\/span><span style=\"font-weight: 400;\">.<\/span><\/p>\n<p><span style=\"font-weight: 400;\">(Servizio lavanderia disponibile su richiesta)<\/span><\/p>\n<\/div><\/div><\/div><\/section>\n<section class='av_toggle_section av-jpmsmn-d8fb28b1e9756e8a37a0f926ed5d4f74'  itemscope=\"itemscope\" itemtype=\"https:\/\/schema.org\/CreativeWork\" ><div role=\"tablist\" class=\"single_toggle\" data-tags=\"{Tutto} \"  ><p id='toggle-toggle-id-5' data-fake-id='#toggle-id-5' class='toggler  av-title-above '  itemprop=\"headline\"  role='tab' tabindex='0' aria-controls='toggle-id-5' data-slide-speed=\"200\" data-title=\"Condizioni generali di contratto\" data-title-open=\"\" data-aria_collapsed=\"Clicca per espandere: Condizioni generali di contratto\" data-aria_expanded=\"Fare clic per chiudere: Condizioni generali di contratto\">Condizioni generali di contratto<span class=\"toggle_icon\"><span class=\"vert_icon\"><\/span><span class=\"hor_icon\"><\/span><\/span><\/p><div id='toggle-id-5' aria-labelledby='toggle-toggle-id-5' role='region' class='toggle_wrap  av-title-above'  ><div class='toggle_content invers-color '  itemprop=\"text\" ><p><a href=\"https:\/\/www.stuwo.at\/wp-content\/uploads\/2020\/04\/STUWO_FEWO_AGB_IT.pdf\" target=\"_blank\" rel=\"noopener noreferrer\"><span style=\"font-weight: 400;\">Condizioni generali di contratto<\/span><\/a><\/p>\n<\/div><\/div><\/div><\/section>\n<section class='av_toggle_section av-2s37hr-862b3f7fc1ed674035827bdeb4da0e21'  itemscope=\"itemscope\" itemtype=\"https:\/\/schema.org\/CreativeWork\" ><div role=\"tablist\" class=\"single_toggle\" data-tags=\"{Tutto} \"  ><p id='toggle-toggle-id-6' data-fake-id='#toggle-id-6' class='toggler  av-title-above '  itemprop=\"headline\"  role='tab' tabindex='0' aria-controls='toggle-id-6' data-slide-speed=\"200\" data-title=\"Informativa sulla privacy per affitto vacanze\" data-title-open=\"\" data-aria_collapsed=\"Clicca per espandere: Informativa sulla privacy per affitto vacanze\" data-aria_expanded=\"Fare clic per chiudere: Informativa sulla privacy per affitto vacanze\">Informativa sulla privacy per affitto vacanze<span class=\"toggle_icon\"><span class=\"vert_icon\"><\/span><span class=\"hor_icon\"><\/span><\/span><\/p><div id='toggle-id-6' aria-labelledby='toggle-toggle-id-6' role='region' class='toggle_wrap  av-title-above'  ><div class='toggle_content invers-color '  itemprop=\"text\" ><p><a href=\"https:\/\/www.stuwo.at\/wp-content\/uploads\/2020\/04\/STUWO-Datenschutzerkl\u00e4rung-IT.pdf\"><span style=\"font-weight: 400;\">Informativa sulla privacy per affitto vacanze<\/span><\/a><\/p>\n<\/div><\/div><\/div><\/section>\n<\/div><br \/>\n\n<style type=\"text\/css\" data-created_by=\"avia_inline_auto\" id=\"style-css-av-67ddri-aae21a66c514062901254911a0033e30\">\n#top .hr.hr-invisible.av-67ddri-aae21a66c514062901254911a0033e30{\nheight:25px;\n}\n<\/style>\n<div  class='hr av-67ddri-aae21a66c514062901254911a0033e30 hr-invisible  avia-builder-el-82  el_after_av_toggle_container  avia-builder-el-last '><span class='hr-inner '><span class=\"hr-inner-style\"><\/span><\/span><\/div><\/p>\n<\/div><\/div><\/div>\n<style type=\"text\/css\" data-created_by=\"avia_inline_auto\" id=\"style-css-av-k6jgzxfj-e9465e7fcb9081fe7bf07131d29c2ad0\">\n.av-layout-tab.av-k6jgzxfj-e9465e7fcb9081fe7bf07131d29c2ad0{\nvertical-align:top;\n}\n<\/style>\n<div id='av-tab-section-1-4' class='av-layout-tab av-k6jgzxfj-e9465e7fcb9081fe7bf07131d29c2ad0 av-animation-delay-container  avia-builder-el-83  el_after_av_tab_sub_section  avia-builder-el-last  ' data-av-deeplink-tabs=\"\" data-av-tab-section-content=\"4\" data-tab-section-id=\"360\"><div class=\"av-layout-tab-inner\"><div class=\"container\">\n<style type=\"text\/css\" data-created_by=\"avia_inline_auto\" id=\"style-css-av-kkcdb46d-f3a2a537405a6f899cd34e266acc309c\">\n.avia-image-container.av-kkcdb46d-f3a2a537405a6f899cd34e266acc309c img.avia_image{\nbox-shadow:none;\n}\n.avia-image-container.av-kkcdb46d-f3a2a537405a6f899cd34e266acc309c .av-image-caption-overlay-center{\ncolor:#ffffff;\n}\n<\/style>\n<div  class='avia-image-container av-kkcdb46d-f3a2a537405a6f899cd34e266acc309c av-styling-no-styling av-img-linked avia-align-center  avia-builder-el-84  avia-builder-el-no-sibling '   itemprop=\"image\" itemscope=\"itemscope\" itemtype=\"https:\/\/schema.org\/ImageObject\" ><div class=\"avia-image-container-inner\"><div class=\"avia-image-overlay-wrap\"><a href=\"https:\/\/www.stuwo.at\/360\/Stuwo%20Lambach\/\" class='avia_image '  target=\"_blank\"  rel=\"noopener noreferrer\" aria-label='Lambach'><img decoding=\"async\" fetchpriority=\"high\" class='wp-image-14795 avia-img-lazy-loading-not-14795 avia_image ' src=\"https:\/\/www.stuwo.at\/wp-content\/uploads\/2020\/04\/Lambach.jpg\" alt='Studentenheimzimmer mit Text: 360 Grad' title='Lambach'  height=\"484\" width=\"858\"  itemprop=\"thumbnailUrl\" srcset=\"https:\/\/www.stuwo.at\/wp-content\/uploads\/2020\/04\/Lambach.jpg 858w, https:\/\/www.stuwo.at\/wp-content\/uploads\/2020\/04\/Lambach-300x169.jpg 300w, https:\/\/www.stuwo.at\/wp-content\/uploads\/2020\/04\/Lambach-768x433.jpg 768w, https:\/\/www.stuwo.at\/wp-content\/uploads\/2020\/04\/Lambach-705x398.jpg 705w, https:\/\/www.stuwo.at\/wp-content\/uploads\/2020\/04\/Lambach-450x254.jpg 450w\" sizes=\"(max-width: 858px) 100vw, 858px\" \/><\/a><\/div><\/div><\/div>\n<\/div><\/div><\/div>\n<\/div><\/div><\/div><\/p>\n\n<style type=\"text\/css\" data-created_by=\"avia_inline_auto\" id=\"style-css-av-jtkaeqc6-75cb7238ada5a66056e8ea0900c7738b\">\n.avia-section.av-jtkaeqc6-75cb7238ada5a66056e8ea0900c7738b{\nbackground-color:#ffffff;\nbackground-image:url(https:\/\/www.stuwo.at\/wp-content\/uploads\/2020\/02\/AT4650.10.-aussen-summer.-13-300x200.jpg);\nbackground-repeat:no-repeat;\nbackground-position:50% 50%;\nbackground-attachment:scroll;\n}\n.avia-section.av-jtkaeqc6-75cb7238ada5a66056e8ea0900c7738b .av-section-color-overlay{\nopacity:0.7;\nbackground-color:#000000;\n}\n<\/style>\n<div id='av_section_2'  class='avia-section av-jtkaeqc6-75cb7238ada5a66056e8ea0900c7738b alternate_color avia-section-large avia-no-border-styling  avia-builder-el-85  el_after_av_tab_section  el_before_av_masonry_gallery  avia-full-stretch avia-bg-style-scroll av-section-color-overlay-active container_wrap sidebar_right'  data-section-bg-repeat='stretch'><div class=\"av-section-color-overlay-wrap\"><div class=\"av-section-color-overlay\"><\/div><div class='container av-section-cont-open' ><div class='template-page content  av-content-small alpha units'><div class='post-entry post-entry-type-page post-entry-13381'><div class='entry-content-wrapper clearfix'>\n\n<style type=\"text\/css\" data-created_by=\"avia_inline_auto\" id=\"style-css-av-67ddri-aae21a66c514062901254911a0033e30\">\n#top .hr.hr-invisible.av-67ddri-aae21a66c514062901254911a0033e30{\nheight:25px;\n}\n<\/style>\n<div  class='hr av-67ddri-aae21a66c514062901254911a0033e30 hr-invisible  avia-builder-el-86  el_before_av_heading  avia-builder-el-first '><span class='hr-inner '><span class=\"hr-inner-style\"><\/span><\/span><\/div>\n\n<style type=\"text\/css\" data-created_by=\"avia_inline_auto\" id=\"style-css-av-av_heading-b7cf4c8124245f6dafb683b3a981ffa3\">\n#top .av-special-heading.av-av_heading-b7cf4c8124245f6dafb683b3a981ffa3{\npadding-bottom:20px;\ncolor:#ffffff;\nfont-size:36px;\n}\nbody .av-special-heading.av-av_heading-b7cf4c8124245f6dafb683b3a981ffa3 .av-special-heading-tag .heading-char{\nfont-size:25px;\n}\n#top #wrap_all .av-special-heading.av-av_heading-b7cf4c8124245f6dafb683b3a981ffa3 .av-special-heading-tag{\nfont-size:36px;\n}\n.av-special-heading.av-av_heading-b7cf4c8124245f6dafb683b3a981ffa3 .special-heading-inner-border{\nborder-color:#ffffff;\n}\n.av-special-heading.av-av_heading-b7cf4c8124245f6dafb683b3a981ffa3 .av-subheading{\nfont-size:15px;\n}\n\n@media only screen and (min-width: 480px) and (max-width: 767px){ \n#top #wrap_all .av-special-heading.av-av_heading-b7cf4c8124245f6dafb683b3a981ffa3 .av-special-heading-tag{\nfont-size:20px;\n}\n}\n\n@media only screen and (max-width: 479px){ \n#top #wrap_all .av-special-heading.av-av_heading-b7cf4c8124245f6dafb683b3a981ffa3 .av-special-heading-tag{\nfont-size:20px;\n}\n}\n<\/style>\n<div  class='av-special-heading av-av_heading-b7cf4c8124245f6dafb683b3a981ffa3 av-special-heading-h4 custom-color-heading blockquote modern-quote modern-centered  avia-builder-el-87  el_after_av_hr  el_before_av_one_fifth  av-inherit-size'><h4 class='av-special-heading-tag '  itemprop=\"headline\"  >Il tuo referente per gli appartamenti vacanza<\/h4><div class=\"special-heading-border\"><div class=\"special-heading-inner-border\"><\/div><\/div><\/div>\n\n<style type=\"text\/css\" data-created_by=\"avia_inline_auto\" id=\"style-css-av-m8enx-e465708cda175cb3aff27b2ede1dd285\">\n.flex_column.av-m8enx-e465708cda175cb3aff27b2ede1dd285{\nborder-radius:0px 0px 0px 0px;\npadding:0px 0px 0px 0px;\n}\n<\/style>\n<div  class='flex_column av-m8enx-e465708cda175cb3aff27b2ede1dd285 av_one_fifth  avia-builder-el-88  el_after_av_heading  el_before_av_three_fifth  first flex_column_div av-zero-column-padding  '     ><\/div>\n<style type=\"text\/css\" data-created_by=\"avia_inline_auto\" id=\"style-css-av-ddnct-1e48b63c7ddca989d3659c520ce337e8\">\n.flex_column.av-ddnct-1e48b63c7ddca989d3659c520ce337e8{\nborder-radius:0px 0px 0px 0px;\npadding:0px 0px 0px 0px;\n}\n<\/style>\n<div  class='flex_column av-ddnct-1e48b63c7ddca989d3659c520ce337e8 av_three_fifth  avia-builder-el-89  el_after_av_one_fifth  el_before_av_one_fifth  flex_column_div av-zero-column-padding  '     ><style type=\"text\/css\" data-created_by=\"avia_inline_auto\" id=\"style-css-av-jtkaj00e-53db315d9850d8968dccdaab01304b80\">\n#top .av_textblock_section.av-jtkaj00e-53db315d9850d8968dccdaab01304b80 .avia_textblock{\nfont-size:18px;\ncolor:#ffffff;\n}\n<\/style>\n<section  class='av_textblock_section av-jtkaj00e-53db315d9850d8968dccdaab01304b80 '   itemscope=\"itemscope\" itemtype=\"https:\/\/schema.org\/CreativeWork\" ><div class='avia_textblock av_inherit_color'  itemprop=\"text\" ><p style=\"text-align: center;\"><span style=\"color: #ffffff;\">Vuoi trascorrere le vacanze nei nostri meravigliosi appartamenti a Lambach? Ti aspettiamo!<\/span><\/p>\n<\/div><\/section><\/div>\n<style type=\"text\/css\" data-created_by=\"avia_inline_auto\" id=\"style-css-av-odxp-cab2441b162b8d027ef9b926181d8ed9\">\n.flex_column.av-odxp-cab2441b162b8d027ef9b926181d8ed9{\nborder-radius:0px 0px 0px 0px;\npadding:0px 0px 0px 0px;\n}\n<\/style>\n<div  class='flex_column av-odxp-cab2441b162b8d027ef9b926181d8ed9 av_one_fifth  avia-builder-el-91  el_after_av_three_fifth  el_before_av_one_third  flex_column_div av-zero-column-padding  '     ><\/div>\n<style type=\"text\/css\" data-created_by=\"avia_inline_auto\" id=\"style-css-av-ddnct-5808f882b4da4842ba9b215ef4df32b5\">\n.flex_column.av-ddnct-5808f882b4da4842ba9b215ef4df32b5{\nborder-radius:0px 0px 0px 0px;\npadding:0px 0px 0px 0px;\n}\n<\/style>\n<div  class='flex_column av-ddnct-5808f882b4da4842ba9b215ef4df32b5 av_one_third  avia-builder-el-92  el_after_av_one_fifth  el_before_av_one_third  first flex_column_div av-zero-column-padding  column-top-margin'     ><style type=\"text\/css\" data-created_by=\"avia_inline_auto\" id=\"style-css-av-jvnrncc6-90636ceebdab410a6df14c8045255aba\">\n.iconbox.av-jvnrncc6-90636ceebdab410a6df14c8045255aba .iconbox_icon{\nborder:1px solid #ffffff;\ncolor:#ffffff;\n}\n#top #wrap_all .iconbox.av-jvnrncc6-90636ceebdab410a6df14c8045255aba .iconbox_content_title{\ncolor:#ffffff;\n}\n.iconbox.av-jvnrncc6-90636ceebdab410a6df14c8045255aba .iconbox_content_container{\ncolor:#ffffff;\n}\n<\/style>\n<article  class='iconbox iconbox_top av-jvnrncc6-90636ceebdab410a6df14c8045255aba av-no-box  avia-builder-el-93  avia-builder-el-no-sibling '  itemscope=\"itemscope\" itemtype=\"https:\/\/schema.org\/CreativeWork\" ><div class=\"iconbox_content\"><header class=\"entry-content-header\" aria-label=\"Icona: &lt;a href=&quot;mailto:lambach@stuwo.at&quot;&gt;lambach@stuwo.at&lt;\/a&gt;\"><div class=\"iconbox_icon heading-color\" aria-hidden='true' data-av_icon='\ue805' data-av_iconfont='entypo-fontello'><\/div><h3 class='iconbox_content_title '  itemprop=\"headline\" ><a href=\"mailto:lambach@stuwo.at\">lambach@stuwo.at<\/a><\/h3><\/header><div class='iconbox_content_container av_inherit_color'  itemprop=\"text\" ><\/div><\/div><footer class=\"entry-footer\"><\/footer><\/article><\/div>\n<style type=\"text\/css\" data-created_by=\"avia_inline_auto\" id=\"style-css-av-ddnct-1e48b63c7ddca989d3659c520ce337e8\">\n.flex_column.av-ddnct-1e48b63c7ddca989d3659c520ce337e8{\nborder-radius:0px 0px 0px 0px;\npadding:0px 0px 0px 0px;\n}\n<\/style>\n<div  class='flex_column av-ddnct-1e48b63c7ddca989d3659c520ce337e8 av_one_third  avia-builder-el-94  el_after_av_one_third  el_before_av_one_third  flex_column_div av-zero-column-padding  column-top-margin'     ><p>\n<style type=\"text\/css\" data-created_by=\"avia_inline_auto\" id=\"style-css-av-jtogly79-8898675c7255c03e356ecda537941329\">\n#top .hr.hr-invisible.av-jtogly79-8898675c7255c03e356ecda537941329{\nheight:25px;\n}\n<\/style>\n<div  class='hr av-jtogly79-8898675c7255c03e356ecda537941329 hr-invisible  avia-builder-el-95  el_before_av_button  avia-builder-el-first '><span class='hr-inner '><span class=\"hr-inner-style\"><\/span><\/span><\/div><br \/>\n<div  class='avia-button-wrap av-jtkakvoy-0fe55f73c9d2aa42ef818a3ca54beb82-wrap avia-button-center  avia-builder-el-96  el_after_av_hr  avia-builder-el-last '><a href='https:\/\/www.stuwo.at\/ferienwohnungen\/anfragen\/?fewo=FEWO-Lambach'  class='avia-button av-jtkakvoy-0fe55f73c9d2aa42ef818a3ca54beb82 av-link-btn avia-icon_select-yes-right-icon avia-size-x-large avia-position-center av-icon-on-hover avia-color-theme-color'   aria-label=\"Prenota ora\"><span class='avia_iconbox_title' >Prenota ora<\/span><span class='avia_button_icon avia_button_icon_right' aria-hidden='true' data-av_icon='\ue875' data-av_iconfont='entypo-fontello'><\/span><\/a><\/div><\/p><\/div>\n<style type=\"text\/css\" data-created_by=\"avia_inline_auto\" id=\"style-css-av-ddnct-1e48b63c7ddca989d3659c520ce337e8\">\n.flex_column.av-ddnct-1e48b63c7ddca989d3659c520ce337e8{\nborder-radius:0px 0px 0px 0px;\npadding:0px 0px 0px 0px;\n}\n<\/style>\n<div  class='flex_column av-ddnct-1e48b63c7ddca989d3659c520ce337e8 av_one_third  avia-builder-el-97  el_after_av_one_third  avia-builder-el-last  flex_column_div av-zero-column-padding  column-top-margin'     ><style type=\"text\/css\" data-created_by=\"avia_inline_auto\" id=\"style-css-av-jvnrncc6-aee552da76dbd33dd3eb5a19c90949d3\">\n.iconbox.av-jvnrncc6-aee552da76dbd33dd3eb5a19c90949d3 .iconbox_icon{\nborder:1px solid #ffffff;\ncolor:#ffffff;\n}\n#top #wrap_all .iconbox.av-jvnrncc6-aee552da76dbd33dd3eb5a19c90949d3 .iconbox_content_title{\ncolor:#ffffff;\n}\n.iconbox.av-jvnrncc6-aee552da76dbd33dd3eb5a19c90949d3 .iconbox_content_container{\ncolor:#ffffff;\n}\n<\/style>\n<article  class='iconbox iconbox_top av-jvnrncc6-aee552da76dbd33dd3eb5a19c90949d3 av-no-box  avia-builder-el-98  avia-builder-el-no-sibling '  itemscope=\"itemscope\" itemtype=\"https:\/\/schema.org\/CreativeWork\" ><div class=\"iconbox_content\"><header class=\"entry-content-header\" aria-label=\"Icona: &lt;a href=&quot;tel:+43724524000&quot;&gt;+43 7245 24000&lt;\/a&gt;\"><div class=\"iconbox_icon heading-color\" aria-hidden='true' data-av_icon='' data-av_iconfont='entypo-fontello'><\/div><h3 class='iconbox_content_title '  itemprop=\"headline\" ><a href=\"tel:+43724524000\">+43 7245 24000<\/a><\/h3><\/header><div class='iconbox_content_container av_inherit_color'  itemprop=\"text\" ><\/div><\/div><footer class=\"entry-footer\"><\/footer><\/article><\/div>\n\n<div id='av-masonry-3' class='av-masonry av-k540x5ul-4e3a58199e802552fbd6151fdd776752 noHover av-fixed-size av-no-gap av-hover-overlay-active av-masonry-animation-active av-masonry-col-4 av-caption-always av-caption-style- av-masonry-gallery av-small-columns-overwrite av-small-columns-2 av-mini-columns-overwrite av-mini-columns-2 ' data-post_id=\"13381\"><div class=\"av-masonry-container isotope av-js-disabled\"><div class='av-masonry-entry isotope-item av-masonry-item-no-image '><\/div><a href=\"https:\/\/www.stuwo.at\/wp-content\/uploads\/2019\/07\/H17_Au\u00dfenansicht_9-1030x772.jpg\" data-srcset=\"https:\/\/www.stuwo.at\/wp-content\/uploads\/2019\/07\/H17_Au\u00dfenansicht_9-1030x772.jpg 1030w, https:\/\/www.stuwo.at\/wp-content\/uploads\/2019\/07\/H17_Au\u00dfenansicht_9-300x225.jpg 300w, https:\/\/www.stuwo.at\/wp-content\/uploads\/2019\/07\/H17_Au\u00dfenansicht_9-768x576.jpg 768w, https:\/\/www.stuwo.at\/wp-content\/uploads\/2019\/07\/H17_Au\u00dfenansicht_9-1500x1125.jpg 1500w, https:\/\/www.stuwo.at\/wp-content\/uploads\/2019\/07\/H17_Au\u00dfenansicht_9-705x529.jpg 705w, https:\/\/www.stuwo.at\/wp-content\/uploads\/2019\/07\/H17_Au\u00dfenansicht_9-450x337.jpg 450w\" data-sizes=\"(max-width: 1030px) 100vw, 1030px\"  aria-label=\"immagine STUWO Lambach, Au\u00dfenansicht\"  id='av-masonry-3-item-14296' data-av-masonry-item='14296' class='av-masonry-entry isotope-item post-14296 attachment type-attachment status-inherit hentry  av-masonry-item-with-image av-grid-img' title=\"STUWO Lambach, Au\u00dfenansicht\" alt=\"Wei\u00dfes mehrst\u00f6ckiges Geb\u00e4ude vor bewaldetem H\u00fcgel und blauem Himmel\"    itemprop=\"thumbnailUrl\" ><div class='av-inner-masonry-sizer'><\/div><figure class='av-inner-masonry main_color'><div class=\"av-masonry-outerimage-container\"><div class='av-masonry-image-container' style=\"background-image: url(https:\/\/www.stuwo.at\/wp-content\/uploads\/2019\/07\/H17_Au\u00dfenansicht_9-705x529.jpg);\"  title=\"STUWO Lambach, Au\u00dfenansicht\" ><\/div><\/div><\/figure><\/a><!--end av-masonry entry--><a href=\"https:\/\/www.stuwo.at\/wp-content\/uploads\/2020\/02\/H117_Appartement_Zimmer-1030x687.jpg\" data-srcset=\"https:\/\/www.stuwo.at\/wp-content\/uploads\/2020\/02\/H117_Appartement_Zimmer-1030x687.jpg 1030w, https:\/\/www.stuwo.at\/wp-content\/uploads\/2020\/02\/H117_Appartement_Zimmer-300x200.jpg 300w, https:\/\/www.stuwo.at\/wp-content\/uploads\/2020\/02\/H117_Appartement_Zimmer-768x512.jpg 768w, https:\/\/www.stuwo.at\/wp-content\/uploads\/2020\/02\/H117_Appartement_Zimmer-1500x1000.jpg 1500w, https:\/\/www.stuwo.at\/wp-content\/uploads\/2020\/02\/H117_Appartement_Zimmer-705x470.jpg 705w, https:\/\/www.stuwo.at\/wp-content\/uploads\/2020\/02\/H117_Appartement_Zimmer-450x300.jpg 450w\" data-sizes=\"(max-width: 1030px) 100vw, 1030px\"  aria-label=\"immagine Ferienwohnung Lambach &#8211; Zimmer\"  id='av-masonry-3-item-14642' data-av-masonry-item='14642' class='av-masonry-entry isotope-item post-14642 attachment type-attachment status-inherit hentry  av-masonry-item-with-image av-grid-img' title=\"Ferienwohnung Lambach &#8211; Zimmer\" alt=\"\"    itemprop=\"thumbnailUrl\" ><div class='av-inner-masonry-sizer'><\/div><figure class='av-inner-masonry main_color'><div class=\"av-masonry-outerimage-container\"><div class='av-masonry-image-container' style=\"background-image: url(https:\/\/www.stuwo.at\/wp-content\/uploads\/2020\/02\/H117_Appartement_Zimmer-705x470.jpg);\"  title=\"Ferienwohnung Lambach &#8211; Zimmer\" ><\/div><\/div><\/figure><\/a><!--end av-masonry entry--><a href=\"https:\/\/www.stuwo.at\/wp-content\/uploads\/2020\/02\/H17_Appartment_Zimmer_3-1030x687.jpg\" data-srcset=\"https:\/\/www.stuwo.at\/wp-content\/uploads\/2020\/02\/H17_Appartment_Zimmer_3-1030x687.jpg 1030w, https:\/\/www.stuwo.at\/wp-content\/uploads\/2020\/02\/H17_Appartment_Zimmer_3-300x200.jpg 300w, https:\/\/www.stuwo.at\/wp-content\/uploads\/2020\/02\/H17_Appartment_Zimmer_3-768x512.jpg 768w, https:\/\/www.stuwo.at\/wp-content\/uploads\/2020\/02\/H17_Appartment_Zimmer_3-1500x1000.jpg 1500w, https:\/\/www.stuwo.at\/wp-content\/uploads\/2020\/02\/H17_Appartment_Zimmer_3-705x470.jpg 705w, https:\/\/www.stuwo.at\/wp-content\/uploads\/2020\/02\/H17_Appartment_Zimmer_3-450x300.jpg 450w\" data-sizes=\"(max-width: 1030px) 100vw, 1030px\"  aria-label=\"immagine Ferienwohnung Lambach &#8211; Zimmer\"  id='av-masonry-3-item-14644' data-av-masonry-item='14644' class='av-masonry-entry isotope-item post-14644 attachment type-attachment status-inherit hentry  av-masonry-item-with-image av-grid-img' title=\"Ferienwohnung Lambach &#8211; Zimmer\" alt=\"Helles Schlafzimmer mit Doppelbett, Schrank, Schreibtisch und gro\u00dfem Fenster mit gr\u00fcnen Vorh\u00e4ngen\"    itemprop=\"thumbnailUrl\" ><div class='av-inner-masonry-sizer'><\/div><figure class='av-inner-masonry main_color'><div class=\"av-masonry-outerimage-container\"><div class='av-masonry-image-container' style=\"background-image: url(https:\/\/www.stuwo.at\/wp-content\/uploads\/2020\/02\/H17_Appartment_Zimmer_3-705x470.jpg);\"  title=\"Ferienwohnung Lambach &#8211; Zimmer\" ><\/div><\/div><\/figure><\/a><!--end av-masonry entry--><a href=\"https:\/\/www.stuwo.at\/wp-content\/uploads\/2020\/02\/H117_Appartement_Zimmer_2-1030x687.jpg\" data-srcset=\"https:\/\/www.stuwo.at\/wp-content\/uploads\/2020\/02\/H117_Appartement_Zimmer_2-1030x687.jpg 1030w, https:\/\/www.stuwo.at\/wp-content\/uploads\/2020\/02\/H117_Appartement_Zimmer_2-300x200.jpg 300w, https:\/\/www.stuwo.at\/wp-content\/uploads\/2020\/02\/H117_Appartement_Zimmer_2-768x512.jpg 768w, https:\/\/www.stuwo.at\/wp-content\/uploads\/2020\/02\/H117_Appartement_Zimmer_2-1500x1000.jpg 1500w, https:\/\/www.stuwo.at\/wp-content\/uploads\/2020\/02\/H117_Appartement_Zimmer_2-705x470.jpg 705w, https:\/\/www.stuwo.at\/wp-content\/uploads\/2020\/02\/H117_Appartement_Zimmer_2-450x300.jpg 450w\" data-sizes=\"(max-width: 1030px) 100vw, 1030px\"  aria-label=\"immagine Ferienwohnung Lambach &#8211; Zimmer\"  id='av-masonry-3-item-14643' data-av-masonry-item='14643' class='av-masonry-entry isotope-item post-14643 attachment type-attachment status-inherit hentry  av-masonry-item-with-image av-grid-img' title=\"Ferienwohnung Lambach &#8211; Zimmer\" alt=\"\"    itemprop=\"thumbnailUrl\" ><div class='av-inner-masonry-sizer'><\/div><figure class='av-inner-masonry main_color'><div class=\"av-masonry-outerimage-container\"><div class='av-masonry-image-container' style=\"background-image: url(https:\/\/www.stuwo.at\/wp-content\/uploads\/2020\/02\/H117_Appartement_Zimmer_2-705x470.jpg);\"  title=\"Ferienwohnung Lambach &#8211; Zimmer\" ><\/div><\/div><\/figure><\/a><!--end av-masonry entry--><a href=\"https:\/\/www.stuwo.at\/wp-content\/uploads\/2019\/07\/H17_Badezimmer_1-1030x686.jpg\" data-srcset=\"https:\/\/www.stuwo.at\/wp-content\/uploads\/2019\/07\/H17_Badezimmer_1-1030x686.jpg 1030w, https:\/\/www.stuwo.at\/wp-content\/uploads\/2019\/07\/H17_Badezimmer_1-300x200.jpg 300w, https:\/\/www.stuwo.at\/wp-content\/uploads\/2019\/07\/H17_Badezimmer_1-768x512.jpg 768w, https:\/\/www.stuwo.at\/wp-content\/uploads\/2019\/07\/H17_Badezimmer_1-705x470.jpg 705w, https:\/\/www.stuwo.at\/wp-content\/uploads\/2019\/07\/H17_Badezimmer_1-450x300.jpg 450w, https:\/\/www.stuwo.at\/wp-content\/uploads\/2019\/07\/H17_Badezimmer_1.jpg 1400w\" data-sizes=\"(max-width: 1030px) 100vw, 1030px\"  aria-label=\"immagine STUWO Lambach, Badezimmer\"  id='av-masonry-3-item-14298' data-av-masonry-item='14298' class='av-masonry-entry isotope-item post-14298 attachment type-attachment status-inherit hentry  av-masonry-item-with-image av-grid-img' title=\"STUWO Lambach, Badezimmer\" alt=\"Kleines Badezimmer mit Duschkabine, Waschbecken mit Unterschrank, wei\u00dfem Hochschrank und Handt\u00fcchern an der Wand\"    itemprop=\"thumbnailUrl\" ><div class='av-inner-masonry-sizer'><\/div><figure class='av-inner-masonry main_color'><div class=\"av-masonry-outerimage-container\"><div class='av-masonry-image-container' style=\"background-image: url(https:\/\/www.stuwo.at\/wp-content\/uploads\/2019\/07\/H17_Badezimmer_1-705x470.jpg);\"  title=\"STUWO Lambach, Badezimmer\" ><\/div><\/div><\/figure><\/a><!--end av-masonry entry--><a href=\"https:\/\/www.stuwo.at\/wp-content\/uploads\/2019\/07\/H17_Gemeinschaftsk\u00fcche_4-1030x686.jpg\" data-srcset=\"https:\/\/www.stuwo.at\/wp-content\/uploads\/2019\/07\/H17_Gemeinschaftsk\u00fcche_4-1030x686.jpg 1030w, https:\/\/www.stuwo.at\/wp-content\/uploads\/2019\/07\/H17_Gemeinschaftsk\u00fcche_4-300x200.jpg 300w, https:\/\/www.stuwo.at\/wp-content\/uploads\/2019\/07\/H17_Gemeinschaftsk\u00fcche_4-768x512.jpg 768w, https:\/\/www.stuwo.at\/wp-content\/uploads\/2019\/07\/H17_Gemeinschaftsk\u00fcche_4-705x470.jpg 705w, https:\/\/www.stuwo.at\/wp-content\/uploads\/2019\/07\/H17_Gemeinschaftsk\u00fcche_4-450x300.jpg 450w, https:\/\/www.stuwo.at\/wp-content\/uploads\/2019\/07\/H17_Gemeinschaftsk\u00fcche_4.jpg 1400w\" data-sizes=\"(max-width: 1030px) 100vw, 1030px\"  aria-label=\"immagine STUWO Lambach, Gemeinschaftsk\u00fcche\"  id='av-masonry-3-item-14302' data-av-masonry-item='14302' class='av-masonry-entry isotope-item post-14302 attachment type-attachment status-inherit hentry  av-masonry-item-with-image av-grid-img' title=\"STUWO Lambach, Gemeinschaftsk\u00fcche\" alt=\"\"    itemprop=\"thumbnailUrl\" ><div class='av-inner-masonry-sizer'><\/div><figure class='av-inner-masonry main_color'><div class=\"av-masonry-outerimage-container\"><div class='av-masonry-image-container' style=\"background-image: url(https:\/\/www.stuwo.at\/wp-content\/uploads\/2019\/07\/H17_Gemeinschaftsk\u00fcche_4-705x470.jpg);\"  title=\"STUWO Lambach, Gemeinschaftsk\u00fcche\" ><\/div><\/div><\/figure><\/a><!--end av-masonry entry--><a href=\"https:\/\/www.stuwo.at\/wp-content\/uploads\/2020\/02\/H17_Gemeinschaftsraum_mit_Kicker-1030x706.jpg\" data-srcset=\"https:\/\/www.stuwo.at\/wp-content\/uploads\/2020\/02\/H17_Gemeinschaftsraum_mit_Kicker-1030x706.jpg 1030w, https:\/\/www.stuwo.at\/wp-content\/uploads\/2020\/02\/H17_Gemeinschaftsraum_mit_Kicker-300x206.jpg 300w, https:\/\/www.stuwo.at\/wp-content\/uploads\/2020\/02\/H17_Gemeinschaftsraum_mit_Kicker-768x526.jpg 768w, https:\/\/www.stuwo.at\/wp-content\/uploads\/2020\/02\/H17_Gemeinschaftsraum_mit_Kicker-1500x1028.jpg 1500w, https:\/\/www.stuwo.at\/wp-content\/uploads\/2020\/02\/H17_Gemeinschaftsraum_mit_Kicker-705x483.jpg 705w, https:\/\/www.stuwo.at\/wp-content\/uploads\/2020\/02\/H17_Gemeinschaftsraum_mit_Kicker-450x308.jpg 450w\" data-sizes=\"(max-width: 1030px) 100vw, 1030px\"  aria-label=\"immagine Ferienwohnung Lambach &#8211; Gemeinschaftsraum\"  id='av-masonry-3-item-14645' data-av-masonry-item='14645' class='av-masonry-entry isotope-item post-14645 attachment type-attachment status-inherit hentry  av-masonry-item-with-image av-grid-img' title=\"Ferienwohnung Lambach &#8211; Gemeinschaftsraum\" alt=\"Gemeinschaftsraum mit Tischfu\u00dfball, Fernseher und Sitzbereich, eine Person sitzt auf einem Sofa.\"    itemprop=\"thumbnailUrl\" ><div class='av-inner-masonry-sizer'><\/div><figure class='av-inner-masonry main_color'><div class=\"av-masonry-outerimage-container\"><div class='av-masonry-image-container' style=\"background-image: url(https:\/\/www.stuwo.at\/wp-content\/uploads\/2020\/02\/H17_Gemeinschaftsraum_mit_Kicker-705x483.jpg);\"  title=\"Ferienwohnung Lambach &#8211; Gemeinschaftsraum\" ><\/div><\/div><\/figure><\/a><!--end av-masonry entry--><a href=\"https:\/\/www.stuwo.at\/wp-content\/uploads\/2019\/07\/H17_Fitnessraum_7-1030x686.jpg\" data-srcset=\"https:\/\/www.stuwo.at\/wp-content\/uploads\/2019\/07\/H17_Fitnessraum_7-1030x686.jpg 1030w, https:\/\/www.stuwo.at\/wp-content\/uploads\/2019\/07\/H17_Fitnessraum_7-300x200.jpg 300w, https:\/\/www.stuwo.at\/wp-content\/uploads\/2019\/07\/H17_Fitnessraum_7-768x512.jpg 768w, https:\/\/www.stuwo.at\/wp-content\/uploads\/2019\/07\/H17_Fitnessraum_7-705x470.jpg 705w, https:\/\/www.stuwo.at\/wp-content\/uploads\/2019\/07\/H17_Fitnessraum_7-450x300.jpg 450w, https:\/\/www.stuwo.at\/wp-content\/uploads\/2019\/07\/H17_Fitnessraum_7.jpg 1400w\" data-sizes=\"(max-width: 1030px) 100vw, 1030px\"  aria-label=\"immagine STUWO Lambach, Fitnessraum\"  id='av-masonry-3-item-14301' data-av-masonry-item='14301' class='av-masonry-entry isotope-item post-14301 attachment type-attachment status-inherit hentry  av-masonry-item-with-image av-grid-img' title=\"STUWO Lambach, Fitnessraum\" alt=\"Heller Fitnessraum mit mehreren Ger\u00e4ten, Matten und Sprossenwand\"    itemprop=\"thumbnailUrl\" ><div class='av-inner-masonry-sizer'><\/div><figure class='av-inner-masonry main_color'><div class=\"av-masonry-outerimage-container\"><div class='av-masonry-image-container' style=\"background-image: url(https:\/\/www.stuwo.at\/wp-content\/uploads\/2019\/07\/H17_Fitnessraum_7-705x470.jpg);\"  title=\"STUWO Lambach, Fitnessraum\" ><\/div><\/div><\/figure><\/a><!--end av-masonry entry--><\/div><\/div>\n\n<style type=\"text\/css\" data-created_by=\"avia_inline_auto\" id=\"style-css-av-jtkaeqc6-8ec5c84357cf2796f446f638f532553d\">\n.avia-section.av-jtkaeqc6-8ec5c84357cf2796f446f638f532553d{\nbackground-color:#222222;\nbackground-image:unset;\n}\n<\/style>\n<div id='av_section_3'  class='avia-section av-jtkaeqc6-8ec5c84357cf2796f446f638f532553d alternate_color avia-section-large avia-no-border-styling  avia-builder-el-100  el_after_av_masonry_gallery  avia-builder-el-last  avia-bg-style-scroll container_wrap sidebar_right'  ><div class='container av-section-cont-open' ><div class='template-page content  av-content-small alpha units'><div class='post-entry post-entry-type-page post-entry-13381'><div class='entry-content-wrapper clearfix'>\n\n<style type=\"text\/css\" data-created_by=\"avia_inline_auto\" id=\"style-css-av-67ddri-aae21a66c514062901254911a0033e30\">\n#top .hr.hr-invisible.av-67ddri-aae21a66c514062901254911a0033e30{\nheight:25px;\n}\n<\/style>\n<div  class='hr av-67ddri-aae21a66c514062901254911a0033e30 hr-invisible  avia-builder-el-101  el_before_av_one_third  avia-builder-el-first '><span class='hr-inner '><span class=\"hr-inner-style\"><\/span><\/span><\/div>\n\n<style type=\"text\/css\" data-created_by=\"avia_inline_auto\" id=\"style-css-av-ddnct-5808f882b4da4842ba9b215ef4df32b5\">\n.flex_column.av-ddnct-5808f882b4da4842ba9b215ef4df32b5{\nborder-radius:0px 0px 0px 0px;\npadding:0px 0px 0px 0px;\n}\n<\/style>\n<div  class='flex_column av-ddnct-5808f882b4da4842ba9b215ef4df32b5 av_one_third  avia-builder-el-102  el_after_av_hr  el_before_av_one_third  first flex_column_div av-zero-column-padding  '     ><\/div>\n<style type=\"text\/css\" data-created_by=\"avia_inline_auto\" id=\"style-css-av-ddnct-1e48b63c7ddca989d3659c520ce337e8\">\n.flex_column.av-ddnct-1e48b63c7ddca989d3659c520ce337e8{\nborder-radius:0px 0px 0px 0px;\npadding:0px 0px 0px 0px;\n}\n<\/style>\n<div  class='flex_column av-ddnct-1e48b63c7ddca989d3659c520ce337e8 av_one_third  avia-builder-el-103  el_after_av_one_third  el_before_av_one_third  flex_column_div av-zero-column-padding  '     ><p>\n<style type=\"text\/css\" data-created_by=\"avia_inline_auto\" id=\"style-css-av-k6was8p2-1390845594ec2d148e7cf64387c7f17d\">\n.avia-image-container.av-k6was8p2-1390845594ec2d148e7cf64387c7f17d img.avia_image{\nbox-shadow:none;\n}\n.avia-image-container.av-k6was8p2-1390845594ec2d148e7cf64387c7f17d .av-image-caption-overlay-center{\ncolor:#ffffff;\n}\n<\/style>\n<div  class='avia-image-container av-k6was8p2-1390845594ec2d148e7cf64387c7f17d av-styling- avia-align-center  avia-builder-el-104  el_before_av_textblock  avia-builder-el-first '   itemprop=\"image\" itemscope=\"itemscope\" itemtype=\"https:\/\/schema.org\/ImageObject\" ><div class=\"avia-image-container-inner\"><div class=\"avia-image-overlay-wrap\"><img decoding=\"async\" fetchpriority=\"high\" class='wp-image-13866 avia-img-lazy-loading-not-13866 avia_image ' src=\"https:\/\/www.stuwo.at\/wp-content\/uploads\/2019\/06\/STUWO_wei\u00df_klein.png\" alt='' title='STUWO_wei\u00df_klein'  height=\"472\" width=\"1772\"  itemprop=\"thumbnailUrl\" srcset=\"https:\/\/www.stuwo.at\/wp-content\/uploads\/2019\/06\/STUWO_wei\u00df_klein.png 1772w, https:\/\/www.stuwo.at\/wp-content\/uploads\/2019\/06\/STUWO_wei\u00df_klein-300x80.png 300w, https:\/\/www.stuwo.at\/wp-content\/uploads\/2019\/06\/STUWO_wei\u00df_klein-768x205.png 768w, https:\/\/www.stuwo.at\/wp-content\/uploads\/2019\/06\/STUWO_wei\u00df_klein-1030x274.png 1030w, https:\/\/www.stuwo.at\/wp-content\/uploads\/2019\/06\/STUWO_wei\u00df_klein-1500x400.png 1500w, https:\/\/www.stuwo.at\/wp-content\/uploads\/2019\/06\/STUWO_wei\u00df_klein-705x188.png 705w, https:\/\/www.stuwo.at\/wp-content\/uploads\/2019\/06\/STUWO_wei\u00df_klein-450x120.png 450w\" sizes=\"(max-width: 1772px) 100vw, 1772px\" \/><\/div><\/div><\/div><br \/>\n<section  class='av_textblock_section av-dloph-703ee5160df30cc1e3c01a9e58f823db '   itemscope=\"itemscope\" itemtype=\"https:\/\/schema.org\/CreativeWork\" ><div class='avia_textblock'  itemprop=\"text\" ><p style=\"text-align: center;\"><span style=\"color: #ffffff;\">Gemeinn\u00fctzige Studentenwohnbau AG<\/span><\/p>\n<\/div><\/section><br \/>\n<section  class='av_textblock_section av-dloph-703ee5160df30cc1e3c01a9e58f823db '   itemscope=\"itemscope\" itemtype=\"https:\/\/schema.org\/CreativeWork\" ><div class='avia_textblock'  itemprop=\"text\" ><p style=\"text-align: center;\"><span style=\"color: #ffffff;\">Strozzigasse 6-8, 1080 Wien<\/span><\/p>\n<p style=\"text-align: center;\"><span style=\"color: #ffffff;\">Copyright \u00a9 2007 \u2013 2020 |\u00a0<a style=\"color: #ffffff;\" href=\"\/?page_id=8161\">Imprint<\/a><\/span><\/p>\n<\/div><\/section><\/p><\/div>\n<style type=\"text\/css\" data-created_by=\"avia_inline_auto\" id=\"style-css-av-ddnct-1e48b63c7ddca989d3659c520ce337e8\">\n.flex_column.av-ddnct-1e48b63c7ddca989d3659c520ce337e8{\nborder-radius:0px 0px 0px 0px;\npadding:0px 0px 0px 0px;\n}\n<\/style>\n<div  class='flex_column av-ddnct-1e48b63c7ddca989d3659c520ce337e8 av_one_third  avia-builder-el-107  el_after_av_one_third  avia-builder-el-last  flex_column_div av-zero-column-padding  '     ><\/div>\n<\/div><\/div><\/div><!-- close content main div --><\/div><\/div><div id='after_section_3'  class='main_color av_default_container_wrap container_wrap sidebar_right'  ><div class='container av-section-cont-open' ><div class='template-page content  av-content-small alpha units'><div class='post-entry post-entry-type-page post-entry-13381'><div class='entry-content-wrapper clearfix'>\n","protected":false},"excerpt":{"rendered":"","protected":false},"author":1,"featured_media":0,"parent":13445,"menu_order":0,"comment_status":"closed","ping_status":"closed","template":"","meta":{"footnotes":""},"class_list":["post-13381","page","type-page","status-publish","hentry"],"yoast_head":"<!-- This site is optimized with the Yoast SEO plugin v24.4 - https:\/\/yoast.com\/wordpress\/plugins\/seo\/ -->\n<title>Appartamenti vacanza a Lambach: appartamenti in affitto | STUWO<\/title>\n<meta name=\"description\" content=\"Goditi le vacanze nei nostri appartamenti modernissimi nel cuori di Lambach in Alta Austria. Richiedi adesso informazioni e prenota subito il tuo appartamento!\" \/>\n<meta name=\"robots\" content=\"index, follow, max-snippet:-1, max-image-preview:large, max-video-preview:-1\" \/>\n<link rel=\"canonical\" href=\"https:\/\/www.stuwo.at\/it\/appartamenti-vacanza\/appartamenti-vacanza-a-lambach\/\" \/>\n<meta property=\"og:locale\" content=\"it_IT\" \/>\n<meta property=\"og:type\" content=\"article\" \/>\n<meta property=\"og:title\" content=\"Appartamenti vacanza a Lambach: appartamenti in affitto | STUWO\" \/>\n<meta property=\"og:description\" content=\"Goditi le vacanze nei nostri appartamenti modernissimi nel cuori di Lambach in Alta Austria. Richiedi adesso informazioni e prenota subito il tuo appartamento!\" \/>\n<meta property=\"og:url\" content=\"https:\/\/www.stuwo.at\/it\/appartamenti-vacanza\/appartamenti-vacanza-a-lambach\/\" \/>\n<meta property=\"og:site_name\" content=\"STUWO\" \/>\n<meta property=\"article:publisher\" content=\"https:\/\/www.facebook.com\/stuwostudent\" \/>\n<meta property=\"article:modified_time\" content=\"2026-03-17T12:54:06+00:00\" \/>\n<meta property=\"og:image\" content=\"https:\/\/www.stuwo.at\/wp-content\/uploads\/2020\/03\/Zimmer.png\" \/>\n\t<meta property=\"og:image:width\" content=\"29\" \/>\n\t<meta property=\"og:image:height\" content=\"30\" \/>\n\t<meta property=\"og:image:type\" content=\"image\/png\" \/>\n<meta name=\"twitter:card\" content=\"summary_large_image\" \/>\n<meta name=\"twitter:label1\" content=\"Tempo di lettura stimato\" \/>\n\t<meta name=\"twitter:data1\" content=\"8 minuti\" \/>\n<!-- \/ Yoast SEO plugin. -->","yoast_head_json":{"title":"Appartamenti vacanza a Lambach: appartamenti in affitto | STUWO","description":"Goditi le vacanze nei nostri appartamenti modernissimi nel cuori di Lambach in Alta Austria. Richiedi adesso informazioni e prenota subito il tuo appartamento!","robots":{"index":"index","follow":"follow","max-snippet":"max-snippet:-1","max-image-preview":"max-image-preview:large","max-video-preview":"max-video-preview:-1"},"canonical":"https:\/\/www.stuwo.at\/it\/appartamenti-vacanza\/appartamenti-vacanza-a-lambach\/","og_locale":"it_IT","og_type":"article","og_title":"Appartamenti vacanza a Lambach: appartamenti in affitto | STUWO","og_description":"Goditi le vacanze nei nostri appartamenti modernissimi nel cuori di Lambach in Alta Austria. Richiedi adesso informazioni e prenota subito il tuo appartamento!","og_url":"https:\/\/www.stuwo.at\/it\/appartamenti-vacanza\/appartamenti-vacanza-a-lambach\/","og_site_name":"STUWO","article_publisher":"https:\/\/www.facebook.com\/stuwostudent","article_modified_time":"2026-03-17T12:54:06+00:00","og_image":[{"width":29,"height":30,"url":"https:\/\/www.stuwo.at\/wp-content\/uploads\/2020\/03\/Zimmer.png","type":"image\/png"}],"twitter_card":"summary_large_image","twitter_misc":{"Tempo di lettura stimato":"8 minuti"},"schema":{"@context":"https:\/\/schema.org","@graph":[{"@type":"WebPage","@id":"https:\/\/www.stuwo.at\/it\/appartamenti-vacanza\/appartamenti-vacanza-a-lambach\/","url":"https:\/\/www.stuwo.at\/it\/appartamenti-vacanza\/appartamenti-vacanza-a-lambach\/","name":"Appartamenti vacanza a Lambach: appartamenti in affitto | STUWO","isPartOf":{"@id":"https:\/\/www.stuwo.at\/it\/#website"},"primaryImageOfPage":{"@id":"https:\/\/www.stuwo.at\/it\/appartamenti-vacanza\/appartamenti-vacanza-a-lambach\/#primaryimage"},"image":{"@id":"https:\/\/www.stuwo.at\/it\/appartamenti-vacanza\/appartamenti-vacanza-a-lambach\/#primaryimage"},"thumbnailUrl":"https:\/\/www.stuwo.at\/wp-content\/uploads\/2020\/03\/Zimmer.png","datePublished":"2020-04-30T07:25:49+00:00","dateModified":"2026-03-17T12:54:06+00:00","description":"Goditi le vacanze nei nostri appartamenti modernissimi nel cuori di Lambach in Alta Austria. Richiedi adesso informazioni e prenota subito il tuo appartamento!","breadcrumb":{"@id":"https:\/\/www.stuwo.at\/it\/appartamenti-vacanza\/appartamenti-vacanza-a-lambach\/#breadcrumb"},"inLanguage":"it-IT","potentialAction":[{"@type":"ReadAction","target":["https:\/\/www.stuwo.at\/it\/appartamenti-vacanza\/appartamenti-vacanza-a-lambach\/"]}]},{"@type":"ImageObject","inLanguage":"it-IT","@id":"https:\/\/www.stuwo.at\/it\/appartamenti-vacanza\/appartamenti-vacanza-a-lambach\/#primaryimage","url":"https:\/\/www.stuwo.at\/wp-content\/uploads\/2020\/03\/Zimmer.png","contentUrl":"https:\/\/www.stuwo.at\/wp-content\/uploads\/2020\/03\/Zimmer.png"},{"@type":"BreadcrumbList","@id":"https:\/\/www.stuwo.at\/it\/appartamenti-vacanza\/appartamenti-vacanza-a-lambach\/#breadcrumb","itemListElement":[{"@type":"ListItem","position":1,"name":"Startseite","item":"https:\/\/www.stuwo.at\/it\/home\/"},{"@type":"ListItem","position":2,"name":"Appartamenti vacanza","item":"https:\/\/www.stuwo.at\/it\/appartamenti-vacanza\/"},{"@type":"ListItem","position":3,"name":"Appartamenti vacanza a Lambach"}]},{"@type":"WebSite","@id":"https:\/\/www.stuwo.at\/it\/#website","url":"https:\/\/www.stuwo.at\/it\/","name":"STUWO","description":"Modern wohnen in Studentenheimen der STUWO AG","potentialAction":[{"@type":"SearchAction","target":{"@type":"EntryPoint","urlTemplate":"https:\/\/www.stuwo.at\/it\/?s={search_term_string}"},"query-input":{"@type":"PropertyValueSpecification","valueRequired":true,"valueName":"search_term_string"}}],"inLanguage":"it-IT"}]}},"_links":{"self":[{"href":"https:\/\/www.stuwo.at\/it\/wp-json\/wp\/v2\/pages\/13381","targetHints":{"allow":["GET"]}}],"collection":[{"href":"https:\/\/www.stuwo.at\/it\/wp-json\/wp\/v2\/pages"}],"about":[{"href":"https:\/\/www.stuwo.at\/it\/wp-json\/wp\/v2\/types\/page"}],"author":[{"embeddable":true,"href":"https:\/\/www.stuwo.at\/it\/wp-json\/wp\/v2\/users\/1"}],"replies":[{"embeddable":true,"href":"https:\/\/www.stuwo.at\/it\/wp-json\/wp\/v2\/comments?post=13381"}],"version-history":[{"count":13,"href":"https:\/\/www.stuwo.at\/it\/wp-json\/wp\/v2\/pages\/13381\/revisions"}],"predecessor-version":[{"id":177891,"href":"https:\/\/www.stuwo.at\/it\/wp-json\/wp\/v2\/pages\/13381\/revisions\/177891"}],"up":[{"embeddable":true,"href":"https:\/\/www.stuwo.at\/it\/wp-json\/wp\/v2\/pages\/13445"}],"wp:attachment":[{"href":"https:\/\/www.stuwo.at\/it\/wp-json\/wp\/v2\/media?parent=13381"}],"curies":[{"name":"wp","href":"https:\/\/api.w.org\/{rel}","templated":true}]}}